{"id":424,"date":"2023-02-21T10:14:15","date_gmt":"2023-02-21T09:14:15","guid":{"rendered":"https:\/\/viareggiodigitale.it\/privacy-policy\/"},"modified":"2023-03-30T12:10:23","modified_gmt":"2023-03-30T10:10:23","slug":"privacy-policy","status":"publish","type":"page","link":"https:\/\/viareggiodigitale.it\/de\/privacy-policy\/","title":{"rendered":"Privacy Policy"},"content":{"rendered":"\n<h3 class=\"wp-block-heading\"><strong>Datenschutzhinweis gem\u00e4\u00df Gesetzesdekret 196\/2003 und EU-Verordnung 679\/2016 &#8211; Allgemeine<\/strong><strong> Datenschutzverordnung<\/strong>.<\/h3>\n\n<p>In \u00dcbereinstimmung mit den genannten Vorschriften beruht die Verarbeitung der Daten auf den Grunds\u00e4tzen der Korrektheit, Rechtm\u00e4\u00dfigkeit, Transparenz und des Schutzes der Vertraulichkeit und der Rechte des Nutzers.<\/p>\n\n<p>Diese Informationen werden gem\u00e4\u00df Art. 13 des Gesetzesdekrets 196\/2003 (Datenschutzgesetz) den Nutzern\/Besuchern zur Verf\u00fcgung gestellt, die mit der Website von Viareggio Digitale interagieren: <a href=\"https:\/\/www.comune.viareggio.lu.it\/\">https:\/\/viareggiodigitale. it\/<\/a> und wurde gem\u00e4\u00df der Verordnung (EU) 2016\/679 &#8222;\u00fcber die Verarbeitung personenbezogener Daten und den freien Datenverkehr nat\u00fcrlicher Personen&#8220; und der Verordnung \u00fcber Cookies im Netz und insbesondere der Verordnung des Datenschutzbeauftragten vom 8. Mai 2014 &#8222;Festlegung der vereinfachten Verfahren f\u00fcr die Bereitstellung von Informationen und die Einholung der Zustimmung zur Verwendung von Cookies&#8220; und der nachfolgenden &#8222;Erl\u00e4uterungen zur Umsetzung der Rechtsvorschriften \u00fcber Cookies&#8220; vom 5. Juni 2015 aktualisiert.<\/p>\n\n<p>Sie beschreibt nur die Verwaltungsmodalit\u00e4ten der Website Viareggio Digitale in Bezug auf die Verarbeitung der personenbezogenen Daten der Nutzer\/Besucher, die diese Website konsultieren, und nicht der externen Websites, die von den Nutzern durch Anklicken der Links auf dieser Website konsultiert werden k\u00f6nnen.<\/p>\n\n<p>Zus\u00e4tzliche Informationen k\u00f6nnen in bestimmten Abschnitten gegeben werden.<\/p>\n\n<p><strong>1. ART DER VERARBEITETEN DATEN UND ZWECK DER VERARBEITUNG<\/strong><\/p>\n\n<p><strong>1.1. die Navigationsdaten<\/strong><\/p>\n\n<p>Die Computersysteme und Anwendungen, die f\u00fcr den Betrieb dieser Website eingesetzt werden, erfassen im Rahmen ihres normalen Betriebs bestimmte personenbezogene Daten, deren \u00dcbermittlung durch die Verwendung von Internet-Kommunikationsprotokollen impliziert ist.<\/p>\n\n<p>Diese Informationen werden nicht gesammelt, um mit identifizierten Interessenten in Verbindung gebracht zu werden, sondern k\u00f6nnten aufgrund ihrer Beschaffenheit durch Verarbeitung und Verkn\u00fcpfung mit Daten im Besitz von Dritten die Identifizierung von Nutzern\/Besuchern erm\u00f6glichen. Zu den gesammelten Daten geh\u00f6ren die IP-Adressen oder Dom\u00e4nennamen der Computer, die von den Nutzern verwendet werden, um sich mit der Website zu verbinden, die URI (Uniform Resource Identifier)-Notationsadressen der angeforderten Ressourcen, die Uhrzeit der Anfrage, die Methode, die verwendet wurde, um die Anfrage an den Server zu \u00fcbermitteln, die Gr\u00f6\u00dfe der als Antwort erhaltenen Datei, der numerische Code, der den Status der vom Server gegebenen Antwort angibt (erfolgreich, Fehler usw.) und andere Parameter, die sich auf das Betriebssystem und die Computerumgebung des Nutzers beziehen.<\/p>\n\n<p>Diese Daten werden so lange verarbeitet, wie es f\u00fcr die Erreichung des Zwecks, f\u00fcr den sie erhoben wurden, erforderlich ist, und zwar ausschlie\u00dflich zu dem Zweck, anonyme statistische Informationen \u00fcber die Nutzung der Website (Zugriffe auf die Website) zu erhalten und ihr ordnungsgem\u00e4\u00dfes Funktionieren zu \u00fcberpr\u00fcfen.<\/p>\n\n<p>Die Daten k\u00f6nnten verwendet werden, um die Haftung im Falle hypothetischer Computerstraftaten gegen die Website festzustellen.<\/p>\n\n<p>Die Website nutzt die nationale Open-Source-Plattform von AgID, <a href=\"https:\/\/webanalytics.italia.it\/\" target=\"_blank\" rel=\"noreferrer noopener\">WAI &#8211; Web Analytics Italia<\/a>, f\u00fcr die Sammlung von Nutzungsstatistiken mit dem Ziel, den Entwicklungsprozess der Online-Dienste der \u00f6ffentlichen Verwaltung zu verbessern (<a href=\"https:\/\/webanalytics.italia.it\/privacy\" target=\"_blank\" rel=\"noreferrer noopener\"> WAI-Datenschutzerkl\u00e4rung<\/a>).<\/p>\n\n<p><strong>1.2. Freiwillig vom Nutzer bereitgestellte Daten<\/strong><\/p>\n\n<p>Das Versenden von E-Mail-Nachrichten an die auf dieser Website angegebenen Adressen (z. B. um Informationen anzufordern) f\u00fchrt zur Erfassung der Adresse des Absenders sowie anderer personenbezogener Daten, die in den Nachrichten enthalten sind. Diese Daten werden ausschlie\u00dflich zum Zweck der Bearbeitung der Anfrage verarbeitet und nur dann an Dritte weitergegeben, wenn dies f\u00fcr die Erf\u00fcllung der Anfrage erforderlich ist (z. B. Versand der angeforderten Unterlagen).<\/p>\n\n<p>Im Folgenden sind die f\u00fcr die verschiedenen Dienste erforderlichen fakultativen Angaben aufgef\u00fchrt<\/p>\n\n<ul class=\"wp-block-list\">\n<li>Kontaktformular &#8211; Vor- und Nachname, E-Mail Adresse und Wohnort<\/li>\n<\/ul>\n\n<p>Die &#8211; nicht identifizierenden &#8211; Daten, die der Nutzer beim Ausf\u00fcllen des Digital Quotient-Tests angibt, werden auf der Website in anonymer Form gespeichert und ausschlie\u00dflich zu statistischen Zwecken verwendet.<\/p>\n\n<p><strong>1.3. Cookies<\/strong><\/p>\n\n<p>Beschreibung von Cookies<\/p>\n\n<p>Cookies sind kleine Textdateien, die von der vom Nutzer besuchten Website an das Ger\u00e4t des Nutzers (in der Regel an den Browser) gesendet werden, wo sie gespeichert werden, damit dieses Ger\u00e4t beim n\u00e4chsten Besuch der Website wiedererkannt werden kann. Bei jedem weiteren Besuch werden die Cookies vom Ger\u00e4t des Nutzers an die Website zur\u00fcckgesendet.<\/p>\n\n<p>Cookies k\u00f6nnen jedoch nicht nur von demselben Betreiber der vom Nutzer besuchten Website &#8222;installiert&#8220; (genauer gesagt, gespeichert und abgerufen) werden (Erstanbieter-Cookies), sondern auch von einer anderen Website, die Cookies \u00fcber die erste Website &#8222;installiert&#8220; (Drittanbieter-Cookies) und diese erkennen kann. Dies geschieht, weil auf der besuchten Website Elemente (Bilder, Karten, T\u00f6ne, Links zu Webseiten anderer Dom\u00e4nen usw.) vorhanden sein k\u00f6nnen, die sich auf anderen Servern als dem der besuchten Website befinden.<\/p>\n\n<p>Je nach Zweck werden Cookies in technische Cookies und Profilierungs-Cookies unterteilt.<\/p>\n\n<p>Technische Cookies werden ausschlie\u00dflich zu dem Zweck &#8222;installiert&#8220;, &#8222;die \u00dcbertragung einer Nachricht \u00fcber ein elektronisches Kommunikationsnetz durchzuf\u00fchren, oder in dem Umfang, der f\u00fcr den Anbieter eines Dienstes der Informationsgesellschaft, der vom Teilnehmer oder Nutzer ausdr\u00fccklich zur Erbringung eines solchen Dienstes angefordert wird, unbedingt erforderlich ist&#8220; (vgl. Art. 122, Abs. 1 des Gesetzesdekrets 196\/2003 &#8211; das sogenannte Datenschutzgesetz &#8211; in der Fassung des Gesetzesdekrets 69\/2012).<\/p>\n\n<p>Sie werden in der Regel verwendet, um eine effiziente Navigation zwischen Seiten zu erm\u00f6glichen, Benutzerpr\u00e4ferenzen zu speichern (z. B. Schriftgr\u00f6\u00dfe, Sprache, Land usw.), Informationen \u00fcber bestimmte Benutzerkonfigurationen zu speichern, die Benutzerauthentifizierung zu verwalten usw. Einige dieser Cookies (die als wesentlich oder unbedingt notwendig bezeichnet werden), wie z. B. die Sitzungscookies, die zur Verwaltung von Einkaufswagen auf E-Commerce-Websites verwendet werden, erm\u00f6glichen Funktionen, ohne die bestimmte Vorg\u00e4nge nicht durchgef\u00fchrt werden k\u00f6nnten. Gem\u00e4\u00df Art. 122 Abs. 1 des Datenschutzgesetzes ist f\u00fcr die Verwendung von technischen Cookies keine Zustimmung der Nutzer erforderlich.<\/p>\n\n<p>Den technischen Cookies gleichgestellt sind (und daher f\u00fcr ihre Installation weder die Zustimmung der Nutzer noch weitere rechtliche Anforderungen erforderlich sind) die so genannten &#8222;Analytics&#8220;-Cookies, die dazu dienen, die Nutzung der Website durch die Nutzer zu Optimierungszwecken zu \u00fcberwachen &#8211; wenn sie direkt von der erstgenannten Website verwendet werden (also ohne das Eingreifen Dritter), sowie die analytischen Cookies, die von der erstgenannten Website erstellt werden (also ohne das Eingreifen von Dritten). Den technischen Cookies gleichgestellt sind &#8222;Analyse-Cookies&#8220; (f\u00fcr deren Installation weder die Zustimmung der Nutzer noch weitere rechtliche Anforderungen erforderlich sind) sowie von Dritten erstellte und zur Verf\u00fcgung gestellte Analyse-Cookies, die von der Website zu rein statistischen Zwecken verwendet werden, wenn geeignete Mittel eingesetzt werden, um ihre Identifizierungskraft zu verringern (z. B. durch Maskierung wesentlicher Teile der IP-Adresse), und der Dritte sich ausdr\u00fccklich verpflichtet, die in diesen Cookies enthaltenen Informationen nicht mit anderen ihm zur Verf\u00fcgung stehenden Informationen zu &#8222;kreuzen&#8220;.<\/p>\n\n<p>Profiling-Cookies werden verwendet, um die Navigation des Nutzers zu verfolgen und sein Verhalten zu Marketingzwecken zu analysieren. Sie dienen der Erstellung von Nutzerprofilen und werden verwendet, um Werbebotschaften entsprechend den vom Nutzer beim Surfen im Internet ge\u00e4u\u00dferten Pr\u00e4ferenzen zu versenden. Diese Cookies d\u00fcrfen nur dann auf dem Endger\u00e4t des Nutzers installiert werden, wenn dieser in der in der Bestimmung vorgesehenen Weise seine Zustimmung gegeben hat.<\/p>\n\n<p>Nach ihrer Dauer werden Cookies unterschieden in dauerhafte Cookies, die bis zu ihrem Ablaufdatum auf dem Ger\u00e4t des Nutzers gespeichert bleiben, sofern sie nicht vom Nutzer gel\u00f6scht werden, und Sitzungscookies, die nicht dauerhaft auf dem Ger\u00e4t des Nutzers gespeichert werden und verschwinden, wenn der Browser geschlossen wird. In der Regel handelt es sich bei Profilierungs-Cookies um dauerhafte Cookies.<\/p>\n\n<p>Auf dieser Website verwendete Cookies<\/p>\n\n<p>Diese Website verwendet technische Cookies, um eine sichere und effiziente Navigation auf der Website zu erm\u00f6glichen und ihr Funktionieren zu \u00fcberwachen.<\/p>\n\n<p>So l\u00f6schen Sie Cookies<\/p>\n\n<p>Bitte beachten Sie, dass fast alle Webbrowser standardm\u00e4\u00dfig so eingestellt sind, dass sie Erstanbieter-Cookies automatisch akzeptieren. Die Browser k\u00f6nnen die Standardkonfiguration in jedem Fall \u00fcber die Browsereinstellungen \u00e4ndern; die Deaktivierung\/Blockierung von Cookies oder deren L\u00f6schung kann jedoch die optimale Nutzung der Website oder bestimmter Bereiche verhindern. Die Art und Weise, wie Cookies gehandhabt werden, h\u00e4ngt von der Art des verwendeten Browsers und oft auch von der jeweiligen Browserversion ab. In jedem Fall ist es in der Regel erforderlich, die Einstellungen des Browsers aufzurufen und Ma\u00dfnahmen zu ergreifen<\/p>\n\n<p>auf die voreingestellten Regeln, um zu entscheiden, welche Arten von Cookies zu deaktivieren und\/oder bestehende zu entfernen. Ausf\u00fchrliche Informationen zur Konfiguration der Cookie-Einstellungen finden Sie in den Anleitungen des verwendeten Browsers (von einem PC aus in der Regel durch Dr\u00fccken der Taste F1 oder durch Anklicken des Fragezeichen-Symbols, das in der Regel im Browser selbst vorhanden ist, zug\u00e4nglich). Bitte beachten Sie auch die Anleitungen zum L\u00f6schen der Cookies in den wichtigsten Browsern und die unten stehenden Links:<\/p>\n\n<p>Chrome: <a href=\"https:\/\/support.google.com\/chrome\/answer\/95647?hl=it\">https:\/\/support.google.com\/chrome\/answer\/95647?hl=it<\/a>\u00a0<\/p>\n\n<p>Firefox: <a href=\"http:\/\/support.mozilla.org\/it\/kb\/Eliminare%20i%20cookie\">http:\/\/support.mozilla.org\/it\/kb\/Eliminare%20i%20cookie<\/a>\u00a0<\/p>\n\n<p>Internet Explorer: <a href=\"http:\/\/windows.microsoft.com\/it-it\/internet-explorer\/delete-manage-cookies#ie=ie-10\">http:\/\/windows.microsoft.com\/it-it\/internet-explorer\/delete-manage-cookies#ie=ie-10<\/a>\u00a0<\/p>\n\n<p>Opera: <a href=\"http:\/\/www.opera.com\/help\/tutorials\/security\/privacy\/\">http:\/\/www.opera.com\/help\/tutorials\/security\/privacy\/<\/a> \u00a0<\/p>\n\n<p>Safari: <a href=\"https:\/\/support.apple.com\/kb\/ph21411?locale=it_IT\">https:\/\/support.apple.com\/kb\/ph21411?locale=it_IT<\/a>\u00a0<\/p>\n\n<p><strong>2. METHODEN DER BEHANDLUNG<\/strong><\/p>\n\n<p>Personenbezogene Daten werden mit automatisierten Mitteln (z. B. mit Hilfe elektronischer Verfahren und Medien) und\/oder manuell (z. B. auf Papier) so lange verarbeitet, wie es f\u00fcr die Erreichung der Zwecke, f\u00fcr die die Daten erhoben wurden, unbedingt erforderlich ist, und in jedem Fall in \u00dcbereinstimmung mit den einschl\u00e4gigen gesetzlichen Bestimmungen.<\/p>\n\n<p>Die Datenverarbeitung erfolgt au\u00dferdem mit einer Organisations- und Verarbeitungslogik, die sich streng an den eigentlichen Zwecken orientiert und in jedem Fall die Sicherheit, Integrit\u00e4t und Vertraulichkeit der Daten selbst unter Einhaltung der in den geltenden Vorschriften vorgesehenen organisatorischen, physischen und logischen Ma\u00dfnahmen gew\u00e4hrleistet.<\/p>\n\n<p><strong>3. OPTIONALIT\u00c4T DER DATEN\u00dcBERMITTLUNG<\/strong>.<\/p>\n\n<p>Mit Ausnahme der oben genannten Navigationsdaten und Cookies steht es den Besuchern frei, ihre pers\u00f6nlichen Daten anzugeben oder nicht, wie z. B. bei Informations- oder Kontaktanfragen per E-Mail oder bei Antr\u00e4gen auf Zugang zu frei gew\u00e4hlten Diensten, Leistungen und Anwendungen. Die Nichtbereitstellung dieser Daten kann dazu f\u00fchren, dass die angeforderten Leistungen nicht erbracht werden k\u00f6nnen und dass die Gemeinde Viareggio nicht in der Lage ist, die vertraglichen Verpflichtungen zu erf\u00fcllen, die im Mandatsvertrag vorgesehen sind.<\/p>\n\n<p><strong>4. MITARBEITER, ZUST\u00c4NDE UND KATEGORIEN VON MITARBEITERN<\/strong><\/p>\n\n<p>Der Inhaber der Datenverarbeitung ist die Gemeinde Viareggio, mit Sitz in Piazza Nieri e Paolini &#8211; Viareggio, Postleitzahl: 55049<\/p>\n\n<p>Die Verarbeitung im Zusammenhang mit den Webdiensten dieser Website wird ausschlie\u00dflich von technischem Personal durchgef\u00fchrt, das f\u00fcr die Verarbeitung verantwortlich ist.<\/p>\n\n<p>Neben den Mitarbeitern des f\u00fcr die Verarbeitung Verantwortlichen k\u00f6nnen einige Verarbeitungen personenbezogener Daten auch von Dritten durchgef\u00fchrt werden, denen das Unternehmen die Verwaltung\/Wartung der Website anvertraut. In diesem Fall werden dieselben Personen als Datenverarbeiter benannt.<\/p>\n\n<p>Informationen \u00fcber die f\u00fcr die Datenverarbeitung Verantwortlichen sind leicht zu finden, indem Sie eine E-Mail an die folgenden Adressen senden:<\/p>\n\n<p><a href=\"mailto:urp@comune.viareggio.lu.it\">urp@comune.viareggio.lu.it<\/a> oder an die Adresse <a href=\"mailto:comune.viareggio@postacert.toscana.it\">comune.viareggio@postacert.toscana.it<\/a> oder schriftlich an Comune di Viareggio &#8211; Ufficio Privacy, Piazza Nieri e Paolini &#8211; Viareggio, CAP: 55049<\/p>\n\n<p>Die Daten werden nicht weitergegeben.<\/p>\n\n<p><strong>5. RECHTE INTERESSIERTER PARTEIEN<\/strong><\/p>\n\n<p>Die Personen, auf die sich die personenbezogenen Daten beziehen, haben jederzeit das Recht, eine Best\u00e4tigung \u00fcber das Vorhandensein oder Nichtvorhandensein dieser Daten zu erhalten und \u00fcber ihren Inhalt und Ursprung informiert zu werden, ihre Richtigkeit zu \u00fcberpr\u00fcfen oder ihre Erg\u00e4nzung, Aktualisierung oder Berichtigung gem\u00e4\u00df Artikel 7 des Gesetzesdekrets 196\/2003 zu verlangen. Gem\u00e4\u00df demselben Artikel haben die Betroffenen auch das Recht, die L\u00f6schung, die Umwandlung in anonyme Form oder die Sperrung der sie betreffenden Daten zu verlangen, die unter Verletzung des Gesetzes verarbeitet wurden, sowie sich in jedem Fall aus legitimen Gr\u00fcnden ihrer Verarbeitung zu widersetzen.<\/p>\n\n<p>Gem\u00e4\u00df Art. 13 EU-DSGVO haben die betroffenen Personen stets das Recht auf Auskunft \u00fcber die Identit\u00e4t und die Kontaktdaten des f\u00fcr die Verarbeitung Verantwortlichen und gegebenenfalls seines Vertreters, die Kontaktdaten des Datenschutzbeauftragten, die Zwecke der Verarbeitung, f\u00fcr die die personenbezogenen Daten bestimmt sind, sowie die Rechtsgrundlage der Verarbeitung, die von dem f\u00fcr die Verarbeitung Verantwortlichen oder von Dritten, die als f\u00fcr die Verarbeitung Verantwortliche benannt wurden, verfolgten berechtigten Interessen, alle Empf\u00e4nger oder Kategorien von Empf\u00e4ngern personenbezogener Daten, die Dauer der Datenspeicherung und die Absicht des f\u00fcr die Verarbeitung Verantwortlichen, personenbezogene Daten an ein Drittland oder eine internationale Organisation zu \u00fcbermitteln.<\/p>\n\n<p>Es besteht ein allgemeines Verbot der Verarbeitung sensibler und besonders sensibler Daten wie Gesundheitsdaten, genetische und biometrische Daten. Es sind jedoch spezifische Ausnahmen von diesem Verbot vorgesehen, z. B. in F\u00e4llen, in denen:<\/p>\n\n<ul class=\"wp-block-list\">\n<li>die betroffene Person hat ihre Zustimmung gegeben,<\/li>\n\n\n\n<li>die Daten werden zur Erf\u00fcllung eines Arbeitsvertrags und der damit verbundenen Anforderungen an Sicherheit und Sozialschutz verarbeitet,<\/li>\n\n\n\n<li>die Daten zur Wahrung eines lebenswichtigen Interesses der betroffenen Person verarbeitet werden,<\/li>\n\n\n\n<li>die personenbezogenen Daten wurden von der betreffenden Person ver\u00f6ffentlicht.<\/li>\n<\/ul>\n\n<p>Betroffene Personen, auf die sich die Daten beziehen, k\u00f6nnen gem\u00e4\u00df Art. 13 GDPR EU 679\/2016 auch jederzeit das Recht auf:<\/p>\n\n<ul class=\"wp-block-list\">\n<li>Zugang zu personenbezogenen Daten haben;<\/li>\n\n\n\n<li>die Berichtigung oder L\u00f6schung der ihn betreffenden Daten oder die Einschr\u00e4nkung der Verarbeitung zu erwirken;<\/li>\n\n\n\n<li>der Verarbeitung der Daten zu widersprechen;<\/li>\n\n\n\n<li>die Daten\u00fcbertragbarkeit nutzen;<\/li>\n\n\n\n<li>die Einwilligung jederzeit zu widerrufen, ohne dass die Rechtm\u00e4\u00dfigkeit der Verarbeitung aufgrund der vor dem Widerruf erteilten Einwilligung ber\u00fchrt wird;<\/li>\n\n\n\n<li>eine Beschwerde bei einer Aufsichtsbeh\u00f6rde einreichen, in Italien bei Garante Privacy;<\/li>\n\n\n\n<li>\u00fcber die M\u00f6glichkeit informiert werden, dass die Weitergabe personenbezogener Daten eine gesetzliche oder vertragliche Verpflichtung oder eine notwendige Voraussetzung f\u00fcr den Abschluss eines Vertrags sein kann, und dar\u00fcber, ob die betroffene Person verpflichtet ist, personenbezogene Daten bereitzustellen, sowie \u00fcber die m\u00f6glichen Folgen einer Nichtbereitstellung dieser Daten;<\/li>\n\n\n\n<li>\u00fcber das Bestehen einer automatisierten Entscheidungsfindung, einschlie\u00dflich Profiling, informiert zu werden und in solchen F\u00e4llen aussagekr\u00e4ftige Informationen \u00fcber die verwendete Logik sowie \u00fcber die Bedeutung und die voraussichtlichen Folgen einer solchen Verarbeitung f\u00fcr die betroffene Person zu erhalten.<\/li>\n<\/ul>\n\n<p>Gem\u00e4\u00df Art. 14 EU-DSGVO erteilt der f\u00fcr die Verarbeitung Verantwortliche der Gemeinde Viareggio der betroffenen Person die folgenden Informationen, wenn die Daten nicht bei der betroffenen Person erhoben wurden:<\/p>\n\n<p>1.<\/p>\n\n<ol class=\"wp-block-list\">\n<li>die Identit\u00e4t und die Kontaktdaten des f\u00fcr die Datenverarbeitung Verantwortlichen und gegebenenfalls seines Vertreters;<\/li>\n\n\n\n<li>die Kontaktdaten des Datenschutzbeauftragten, sofern vorhanden;<\/li>\n\n\n\n<li>die Zwecke der Verarbeitung, f\u00fcr die die personenbezogenen Daten bestimmt sind, und die Rechtsgrundlage der Verarbeitung;<\/li>\n\n\n\n<li>die Kategorien der betreffenden personenbezogenen Daten;<\/li>\n\n\n\n<li>die m\u00f6glichen Empf\u00e4nger oder Kategorien von Empf\u00e4ngern der personenbezogenen Daten;<\/li>\n\n\n\n<li>gegebenenfalls die Absicht des f\u00fcr die Verarbeitung Verantwortlichen, personenbezogene Daten an einen Empf\u00e4nger in einem Drittland zu \u00fcbermitteln, und das Vorhandensein oder Nichtvorhandensein eines Angemessenheitsbeschlusses der Europ\u00e4ischen Kommission oder in erforderlichen F\u00e4llen der Hinweis auf geeignete oder angemessene Garantien sowie die M\u00f6glichkeit, eine Kopie dieser Daten zu erhalten oder den Ort, an dem sie zur Verf\u00fcgung gestellt wurden.<\/li>\n<\/ol>\n\n<p>2.<\/p>\n\n<p>(2) Zus\u00e4tzlich zu den in Absatz 1 genannten Informationen stellt der f\u00fcr die Verarbeitung Verantwortliche der betroffenen Person die folgenden Informationen zur Verf\u00fcgung, die erforderlich sind, um eine faire und transparente Verarbeitung in Bezug auf die betroffene Person zu gew\u00e4hrleisten:<\/p>\n\n<ol class=\"wp-block-list\">\n<li>die Dauer der Aufbewahrung der personenbezogenen Daten oder, falls dies nicht m\u00f6glich ist, die Kriterien f\u00fcr die Festlegung dieser Dauer;<\/li>\n\n\n\n<li>die berechtigten Interessen des f\u00fcr die Datenverarbeitung Verantwortlichen oder eines Dritten;<\/li>\n\n\n\n<li>das Bestehen des Rechts der betroffenen Person, von dem f\u00fcr die Verarbeitung Verantwortlichen Auskunft \u00fcber die sie betreffenden personenbezogenen Daten und deren Berichtigung oder L\u00f6schung zu verlangen und der Verarbeitung der sie betreffenden personenbezogenen Daten zu widersprechen, sowie das Recht auf Daten\u00fcbertragbarkeit;<\/li>\n\n\n\n<li>das Recht, die Einwilligung jederzeit zu widerrufen, ohne dass dadurch die Rechtm\u00e4\u00dfigkeit der Verarbeitung aufgrund der Einwilligung vor dem Widerruf ber\u00fchrt wird;<\/li>\n\n\n\n<li>das Recht, eine Beschwerde bei einer Aufsichtsbeh\u00f6rde einzureichen, f\u00fcr Italien Garante Privacy;<\/li>\n\n\n\n<li>die Quelle, aus der die personenbezogenen Daten stammen, und gegebenenfalls, ob die Daten aus \u00f6ffentlich zug\u00e4nglichen Quellen stammen;<\/li>\n\n\n\n<li>das Vorhandensein einer automatisierten Entscheidungsfindung, einschlie\u00dflich Profiling, und &#8211; zumindest in solchen F\u00e4llen &#8211; aussagekr\u00e4ftige Informationen \u00fcber die verwendete Logik sowie die Bedeutung und die voraussichtlichen Folgen einer solchen Verarbeitung f\u00fcr die betroffene Person;<\/li>\n<\/ol>\n\n<p>3.<\/p>\n\n<p>Der f\u00fcr die Verarbeitung Verantwortliche, die Gemeinde Viareggio, stellt die in den Abs\u00e4tzen 1 und 2 genannten Informationen zur Verf\u00fcgung:<\/p>\n\n<ol class=\"wp-block-list\">\n<li>innerhalb einer angemessenen Frist nach Erhalt der personenbezogenen Daten, sp\u00e4testens jedoch innerhalb eines Monats, unter Ber\u00fccksichtigung der besonderen Umst\u00e4nde, unter denen die personenbezogenen Daten verarbeitet werden;<\/li>\n\n\n\n<li>wenn die personenbezogenen Daten zur \u00dcbermittlung an die betroffene Person bestimmt sind, sp\u00e4testens zum Zeitpunkt der ersten \u00dcbermittlung an die betroffene Person; oder wenn eine \u00dcbermittlung an einen anderen Empf\u00e4nger vorgesehen ist, sp\u00e4testens zum Zeitpunkt der ersten \u00dcbermittlung der personenbezogenen Daten.<\/li>\n<\/ol>\n\n<p>4.<\/p>\n\n<p>Beabsichtigt der f\u00fcr die Verarbeitung Verantwortliche, die personenbezogenen Daten f\u00fcr einen anderen Zweck als den, f\u00fcr den sie erhoben wurden, weiterzuverarbeiten, so unterrichtet er die betroffene Person vor einer solchen Weiterverarbeitung \u00fcber diesen anderen Zweck sowie \u00fcber alle einschl\u00e4gigen Informationen gem\u00e4\u00df Absatz 2.<\/p>\n\n<p>F\u00fcr Informationen \u00fcber die Datenverarbeitung k\u00f6nnen die Nutzer eine PEC-Nachricht an <a href=\"mailto:comune.viareggio@postacert.toscana.it\">comune.viareggio@postacert.toscana.it<\/a> senden.<\/p>\n\n<p>Diese Datenschutzrichtlinie wird regelm\u00e4\u00dfig aktualisiert.<\/p>\n","protected":false},"excerpt":{"rendered":"<p>Datenschutzhinweis gem\u00e4\u00df Gesetzesdekret 196\/2003 und EU-Verordnung 679\/2016 &#8211; Allgemeine Datenschutzverordnung. In \u00dcbereinstimmung mit den genannten Vorschriften beruht die Verarbeitung der&hellip;<\/p>\n<p class=\"rmore mb-0\"><a class=\"websoup-read-more-link fw-bold\" href=\"https:\/\/viareggiodigitale.it\/de\/privacy-policy\/\">Read More \u2192<\/a><\/p>\n","protected":false},"author":1,"featured_media":0,"parent":0,"menu_order":0,"comment_status":"closed","ping_status":"closed","template":"","meta":{"_acf_changed":false,"footnotes":""},"argomento":[],"class_list":["post-424","page","type-page","status-publish","hentry"],"acf":[],"_links":{"self":[{"href":"https:\/\/viareggiodigitale.it\/de\/wp-json\/wp\/v2\/pages\/424","targetHints":{"allow":["GET"]}}],"collection":[{"href":"https:\/\/viareggiodigitale.it\/de\/wp-json\/wp\/v2\/pages"}],"about":[{"href":"https:\/\/viareggiodigitale.it\/de\/wp-json\/wp\/v2\/types\/page"}],"author":[{"embeddable":true,"href":"https:\/\/viareggiodigitale.it\/de\/wp-json\/wp\/v2\/users\/1"}],"replies":[{"embeddable":true,"href":"https:\/\/viareggiodigitale.it\/de\/wp-json\/wp\/v2\/comments?post=424"}],"version-history":[{"count":1,"href":"https:\/\/viareggiodigitale.it\/de\/wp-json\/wp\/v2\/pages\/424\/revisions"}],"predecessor-version":[{"id":425,"href":"https:\/\/viareggiodigitale.it\/de\/wp-json\/wp\/v2\/pages\/424\/revisions\/425"}],"wp:attachment":[{"href":"https:\/\/viareggiodigitale.it\/de\/wp-json\/wp\/v2\/media?parent=424"}],"wp:term":[{"taxonomy":"argomento","embeddable":true,"href":"https:\/\/viareggiodigitale.it\/de\/wp-json\/wp\/v2\/argomento?post=424"}],"curies":[{"name":"wp","href":"https:\/\/api.w.org\/{rel}","templated":true}]}}