{"id":396,"date":"2023-02-21T10:14:15","date_gmt":"2023-02-21T09:14:15","guid":{"rendered":"https:\/\/viareggiodigitale.it\/home\/"},"modified":"2023-03-31T16:43:54","modified_gmt":"2023-03-31T14:43:54","slug":"home","status":"publish","type":"page","link":"https:\/\/viareggiodigitale.it\/fr\/","title":{"rendered":"Home"},"content":{"rendered":"\n<div class=\"wp-block-cover is-light px-0\"><span aria-hidden=\"true\" class=\"wp-block-cover__background has-background-dim wp-block-cover__gradient-background has-background-gradient\" style=\"background:linear-gradient(90deg,rgb(0,0,0) 39%,rgba(0,0,0,0.25) 100%)\"><\/span><img loading=\"lazy\" decoding=\"async\" width=\"1279\" height=\"636\" class=\"wp-block-cover__image-background wp-image-261\" alt=\"\" src=\"https:\/\/viareggiodigitale.it\/wp-content\/uploads\/2023\/03\/viareggiodigitale.jpg\" data-object-fit=\"cover\" srcset=\"https:\/\/viareggiodigitale.it\/wp-content\/uploads\/2023\/03\/viareggiodigitale.jpg 1279w, https:\/\/viareggiodigitale.it\/wp-content\/uploads\/2023\/03\/viareggiodigitale-730x363.jpg 730w, https:\/\/viareggiodigitale.it\/wp-content\/uploads\/2023\/03\/viareggiodigitale-1110x552.jpg 1110w, https:\/\/viareggiodigitale.it\/wp-content\/uploads\/2023\/03\/viareggiodigitale-768x382.jpg 768w\" sizes=\"auto, (max-width: 1279px) 100vw, 1279px\" \/><div class=\"wp-block-cover__inner-container is-layout-flow wp-block-cover-is-layout-flow\">\n<div class=\"wp-block-group container\"><div class=\"wp-block-group__inner-container is-layout-constrained wp-block-group-is-layout-constrained\">\n<h1 class=\"wp-block-heading h2 has-white-color has-text-color\">Bienvenue sur le site de Viareggio Digitale.<\/h1>\n\n\n\n<p class=\"subtitle has-white-color has-text-color\">Am\u00e9liorez vos comp\u00e9tences online<br\/>et simplifier votre vie quotidienne.<\/p>\n\n\n\n<div class=\"wp-block-buttons is-layout-flex wp-block-buttons-is-layout-flex\">\n<div class=\"wp-block-button\"><a class=\"wp-block-button__link wp-element-button\" href=\"https:\/\/viareggiodigitale.it\/fr\/le-projet\/\" style=\"border-radius:3px\">Le projet<\/a><\/div>\n<\/div>\n<\/div><\/div>\n<\/div><\/div>\n\n<div class=\"wp-block-group bglightgrey py-4\"><div class=\"wp-block-group__inner-container is-layout-constrained wp-block-group-is-layout-constrained\">\n<div class=\"wp-block-group container\"><div class=\"wp-block-group__inner-container is-layout-constrained wp-block-group-is-layout-constrained\">\n<p class=\"has-text-align-center has-large-font-size\"><strong>Objectifs et ressources pour le Viareggio du futur,<br\/>un plan visant \u00e0 d\u00e9velopper les comp\u00e9tences num\u00e9riques des citoyens, des entreprises et de l&rsquo;administration publique.<\/strong><\/p>\n<\/div><\/div>\n<\/div><\/div>\n\n<div class=\"wp-block-group container py-5\"><div class=\"wp-block-group__inner-container is-layout-constrained wp-block-group-is-layout-constrained\">\n<div class=\"wp-block-group bgdarkblue px-4 py-5 mb-5\"><div class=\"wp-block-group__inner-container is-layout-constrained wp-block-group-is-layout-constrained\">\n<div class=\"wp-block-columns are-vertically-aligned-center mb-0 is-layout-flex wp-container-core-columns-is-layout-9d6595d7 wp-block-columns-is-layout-flex\">\n<div class=\"wp-block-column is-vertically-aligned-center is-layout-flow wp-block-column-is-layout-flow\">\n<p class=\"hasquestion\"><span class=\"via via-question\" aria-hidden=\"true\"><\/span><strong>D\u00e9couvrez votre quotient digital<\/strong><br\/>D\u00e9terminez votre niveau de comp\u00e9tence num\u00e9rique, cela vous aidera \u00e0 choisir le contenu qui vous convient.<\/p>\n<\/div>\n\n\n\n<div class=\"wp-block-column is-vertically-aligned-center is-layout-flow wp-block-column-is-layout-flow\" style=\"flex-basis:33.33%\">\n<div class=\"wp-block-buttons is-content-justification-right is-layout-flex wp-container-core-buttons-is-layout-765c4724 wp-block-buttons-is-layout-flex\">\n<div class=\"wp-block-button\"><a class=\"wp-block-button__link has-white-background-color has-text-color has-background wp-element-button\" href=\"https:\/\/viareggiodigitale.it\/fr\/decouvrez-votre-quotient-numerique\/\" style=\"border-radius:3px;color:#052760\">Faites le test<\/a><\/div>\n<\/div>\n<\/div>\n<\/div>\n<\/div><\/div>\n\n\n\n<div class=\"wp-block-columns are-vertically-aligned-top mb-0 is-layout-flex wp-container-core-columns-is-layout-9d6595d7 wp-block-columns-is-layout-flex\">\n<div class=\"wp-block-column is-vertically-aligned-top is-layout-flow wp-block-column-is-layout-flow\" style=\"flex-basis:80%\">\n<h2 class=\"wp-block-heading darkblue\">L&rsquo;\u00e9cole digital<\/h2>\n\n\n\n<p>Acc\u00e9dez aux tutoriels et d\u00e9veloppez vos comp\u00e9tences num\u00e9riques. D\u00e9couvrez un nouveau mod\u00e8le d&rsquo;innovation urbaine,<br\/>interagir avec l&rsquo;administration rapidement et facilement, entrer dans un monde num\u00e9rique plein de services et d&rsquo;opportunit\u00e9s.<\/p>\n<\/div>\n\n\n\n<div class=\"wp-block-column is-vertically-aligned-top pt-3 is-layout-flow wp-block-column-is-layout-flow\" style=\"flex-basis:20%\">\n<div class=\"wp-block-buttons mb-0 is-content-justification-right is-layout-flex wp-container-core-buttons-is-layout-765c4724 wp-block-buttons-is-layout-flex\">\n<div class=\"wp-block-button\"><a class=\"wp-block-button__link wp-element-button\" href=\"https:\/\/viareggiodigitale.it\/fr\/lecole-digital\/\" style=\"border-radius:3px\">En savoir plus<\/a><\/div>\n<\/div>\n<\/div>\n<\/div>\n\n\n\n<div class=\"wp-block-columns mt-5 is-layout-flex wp-container-core-columns-is-layout-9d6595d7 wp-block-columns-is-layout-flex\">\n<div class=\"wp-block-column is-layout-flow wp-block-column-is-layout-flow\">\n<div class=\"wp-block-group shadowbox\"><div class=\"wp-block-group__inner-container is-layout-constrained wp-block-group-is-layout-constrained\">\n<span class=\"via via-person largeicon\" aria-hidden=\"true\"><\/span>\n\n\n\n<h3 class=\"wp-block-heading h4\">Citoyens<\/h3>\n\n\n\n<p>D\u00e9couvrez des tutoriels pour utiliser les services num\u00e9riques actifs dans votre r\u00e9gion, devenez un citoyen smart !<\/p>\n\n\n\n<p><a href=\"https:\/\/viareggiodigitale.it\/fr\/lecole-digital\/\" data-type=\"page\" data-id=\"178\"><strong>En savoir plus \u2192<\/strong><\/a><\/p>\n<\/div><\/div>\n<\/div>\n\n\n\n<div class=\"wp-block-column is-layout-flow wp-block-column-is-layout-flow\">\n<div class=\"wp-block-group shadowbox\"><div class=\"wp-block-group__inner-container is-layout-constrained wp-block-group-is-layout-constrained\">\n<span class=\"via via-layers largeicon\" aria-hidden=\"true\"><\/span>\n\n\n\n<h3 class=\"wp-block-heading h4\">Entreprises<\/h3>\n\n\n\n<p>D\u00e9veloppez de nouvelles comp\u00e9tences et faites de votre entreprise un acteur cl\u00e9 de la transformation num\u00e9rique.<\/p>\n\n\n\n<p><a href=\"https:\/\/viareggiodigitale.it\/fr\/lecole-digital-2\/\" data-type=\"page\" data-id=\"180\"><strong>En savoir plus \u2192<\/strong><\/a><\/p>\n<\/div><\/div>\n<\/div>\n\n\n\n<div class=\"wp-block-column is-layout-flow wp-block-column-is-layout-flow\">\n<div class=\"wp-block-group shadowbox\"><div class=\"wp-block-group__inner-container is-layout-constrained wp-block-group-is-layout-constrained\">\n<span class=\"via via-temple largeicon\" aria-hidden=\"true\"><\/span>\n\n\n\n<h3 class=\"wp-block-heading h4\">Administration publique<\/h3>\n\n\n\n<p>Profitez des possibilit\u00e9s offertes par le num\u00e9rique et participez activement \u00e0 la croissance de votre \u00ab\u00a0ville intelligente\u00a0\u00bb.<\/p>\n\n\n\n<p><a href=\"https:\/\/viareggiodigitale.it\/fr\/lecole-digital-3\/\" data-type=\"page\" data-id=\"182\"><strong>En savoir plus \u2192<\/strong><\/a><\/p>\n<\/div><\/div>\n<\/div>\n<\/div>\n<\/div><\/div>\n\n<div class=\"wp-block-group bglightgrey py-5\"><div class=\"wp-block-group__inner-container is-layout-constrained wp-block-group-is-layout-constrained\">\n<div class=\"wp-block-group container\"><div class=\"wp-block-group__inner-container is-layout-constrained wp-block-group-is-layout-constrained\">\n<h2 class=\"wp-block-heading darkblue\">Comp\u00e9tences digital<\/h2>\n\n\n\n<div class=\"wp-block-group flexinner\"><div class=\"wp-block-group__inner-container is-layout-constrained wp-block-group-is-layout-constrained\">\n<h3 class=\"wp-block-heading my-5 fw-normal\"><em>Citoyens<\/em><\/h3>\n\n\n\n<div class=\"wp-block-buttons is-content-justification-right is-layout-flex wp-container-core-buttons-is-layout-765c4724 wp-block-buttons-is-layout-flex\">\n<div class=\"wp-block-button\"><a class=\"wp-block-button__link wp-element-button\" href=\"https:\/\/viareggiodigitale.it\/fr\/lecole-digital\/\">Voir tous<\/a><\/div>\n<\/div>\n<\/div><\/div>\n\n\n<div class=\"row\">\n<div class=\"col-lg-4\">\n<div class=\"vidblk mb-5\">\n<p class=\"videotb\"><a href=\"https:\/\/viareggiodigitale.it\/fr\/video\/io-app-connaissez-vous-lapplication-io-decouvrez-a-quoi-elle-sert\/\" class=\"openvid vidbg\" data-vid=\"DNkohOskQK8\" style=\"background-image: url(https:\/\/img.youtube.com\/vi\/DNkohOskQK8\/hqdefault.jpg)\"><\/a><\/p>\n<p class=\"metavideo d-flex justify-content-start\">\n<span class=\"px-1 fw-bold\"><a href=\"https:\/\/viareggiodigitale.it\/fr\/argomento\/app-io-fr\/\" class=\"argcat\">App IO<\/a><\/span>\n<span class=\"lvllist ms-auto\"><span class=\"lvllbl\">Niveau<\/span> \n<span class=\"lvlel\">1<\/span>\n<\/span>\n<\/p>\n<h3 class=\"h5 fw-bold title entry-title mb-4\"><a href=\"https:\/\/www.youtube.com\/watch?v=DNkohOskQK8\" class=\"openvid\" data-vid=\"DNkohOskQK8\">IO App &#8211; Connaissez-vous l&rsquo;application IO ? D\u00e9couvrez \u00e0 quoi elle sert<\/a><\/h3>\n<div class=\"d-none videodescr\"><div><!-- wp:paragraph {\"translatedWithWPMLTM\":\"1\"} -->\n<p>Vid\u00e9o r\u00e9alis\u00e9e par: IO, l'app dei servizi pubblici<\/p>\n<!-- \/wp:paragraph --><\/div><div class=\"pt-3\"><p>Pour afficher les sous-titres dans votre langue, cliquez sur le symbole de l&rsquo;engrenage \u00ab\u00a0param\u00e8tres\u00a0\u00bb et, sous \u00ab\u00a0sous-titres\u00a0\u00bb, choisissez votre langue.<\/p>\n<\/div><\/div>\n<p><a href=\"https:\/\/www.youtube.com\/watch?v=DNkohOskQK8\" class=\"openvid\" data-vid=\"DNkohOskQK8\"><strong>REGARDER \u2192<\/strong><\/a><\/p>\n<\/div>\n<\/div>\n<div class=\"col-lg-4\">\n<div class=\"vidblk mb-5\">\n<p class=\"videotb\"><a href=\"https:\/\/viareggiodigitale.it\/fr\/video\/sante-decouvrir-le-dossier-medical-electronique\/\" class=\"openvid vidbg\" data-vid=\"iNFHXDfe6Nw\" style=\"background-image: url(https:\/\/img.youtube.com\/vi\/iNFHXDfe6Nw\/hqdefault.jpg)\"><\/a><\/p>\n<p class=\"metavideo d-flex justify-content-start\">\n<span class=\"px-1 fw-bold\"><a href=\"https:\/\/viareggiodigitale.it\/fr\/argomento\/sante\/\" class=\"argcat\">Sant\u00e9<\/a><\/span>\n<span class=\"lvllist ms-auto\"><span class=\"lvllbl\">Niveau<\/span> \n<span class=\"lvlel\">2<\/span>\n<\/span>\n<\/p>\n<h3 class=\"h5 fw-bold title entry-title mb-4\"><a href=\"https:\/\/www.youtube.com\/watch?v=iNFHXDfe6Nw\" class=\"openvid\" data-vid=\"iNFHXDfe6Nw\">Sant\u00e9 &#8211; D\u00e9couvrir le dossier m\u00e9dical \u00e9lectronique<\/a><\/h3>\n<div class=\"d-none videodescr\"><div><!-- wp:paragraph {\"translatedWithWPMLTM\":\"1\"} -->\n<p>Vid\u00e9o r\u00e9alis\u00e9e par: Regione Toscana<\/p>\n<!-- \/wp:paragraph --><\/div><div class=\"pt-3\"><p>Pour afficher les sous-titres dans votre langue, cliquez sur le symbole de l&rsquo;engrenage \u00ab\u00a0param\u00e8tres\u00a0\u00bb et, sous \u00ab\u00a0sous-titres\u00a0\u00bb, choisissez votre langue.<\/p>\n<\/div><\/div>\n<p><a href=\"https:\/\/www.youtube.com\/watch?v=iNFHXDfe6Nw\" class=\"openvid\" data-vid=\"iNFHXDfe6Nw\"><strong>REGARDER \u2192<\/strong><\/a><\/p>\n<\/div>\n<\/div>\n<div class=\"col-lg-4\">\n<div class=\"vidblk mb-5\">\n<p class=\"videotb\"><a href=\"https:\/\/viareggiodigitale.it\/fr\/video\/viareggio-digitale-la-ville-intelligente-commence-avec-vous\/\" class=\"openvid vidbg\" data-vid=\"w56NxGR9Hbs\" style=\"background-image: url(https:\/\/img.youtube.com\/vi\/w56NxGR9Hbs\/hqdefault.jpg)\"><\/a><\/p>\n<p class=\"metavideo d-flex justify-content-start\">\n<span class=\"px-1 fw-bold\"><a href=\"https:\/\/viareggiodigitale.it\/fr\/argomento\/viareggio-digitale-fr\/\" class=\"argcat\">Viareggio Digitale<\/a><\/span>\n<span class=\"lvllist ms-auto\"><span class=\"lvllbl\">Niveau<\/span> \n<span class=\"lvlel\">1<\/span>\n<\/span>\n<\/p>\n<h3 class=\"h5 fw-bold title entry-title mb-4\"><a href=\"https:\/\/www.youtube.com\/watch?v=w56NxGR9Hbs\" class=\"openvid\" data-vid=\"w56NxGR9Hbs\">Viareggio Digitale &#8211; La ville intelligente commence avec vous<\/a><\/h3>\n<div class=\"d-none videodescr\"><div><\/div><div class=\"pt-3\"><p>Pour afficher les sous-titres dans votre langue, cliquez sur le symbole de l&rsquo;engrenage \u00ab\u00a0param\u00e8tres\u00a0\u00bb et, sous \u00ab\u00a0sous-titres\u00a0\u00bb, choisissez votre langue.<\/p>\n<\/div><\/div>\n<p><a href=\"https:\/\/www.youtube.com\/watch?v=w56NxGR9Hbs\" class=\"openvid\" data-vid=\"w56NxGR9Hbs\"><strong>REGARDER \u2192<\/strong><\/a><\/p>\n<\/div>\n<\/div>\n<\/div>\n\n\n\n<div class=\"wp-block-group flexinner\"><div class=\"wp-block-group__inner-container is-layout-constrained wp-block-group-is-layout-constrained\">\n<h3 class=\"wp-block-heading my-5 fw-normal\"><em>Administration publique<\/em><\/h3>\n\n\n\n<div class=\"wp-block-buttons is-content-justification-right is-layout-flex wp-container-core-buttons-is-layout-765c4724 wp-block-buttons-is-layout-flex\">\n<div class=\"wp-block-button\"><a class=\"wp-block-button__link wp-element-button\" href=\"https:\/\/viareggiodigitale.it\/fr\/lecole-digital-3\/\">Voir tous<\/a><\/div>\n<\/div>\n<\/div><\/div>\n\n\n<div class=\"row\">\n<div class=\"col-lg-4\">\n<div class=\"vidblk mb-5\">\n<p class=\"videotb\"><a href=\"https:\/\/viareggiodigitale.it\/fr\/video\/securite-de-linformation-dans-ladministration-publique-lignes-directrices-pour-la-conception\/\" class=\"openvid vidbg\" data-vid=\"Lzx778I8toA\" style=\"background-image: url(https:\/\/img.youtube.com\/vi\/Lzx778I8toA\/hqdefault.jpg)\"><\/a><\/p>\n<p class=\"metavideo d-flex justify-content-start\">\n<span class=\"px-1 fw-bold\"><a href=\"https:\/\/viareggiodigitale.it\/fr\/argomento\/securite\/\" class=\"argcat\">S\u00e9curit\u00e9<\/a><\/span>\n<span class=\"lvllist ms-auto\"><span class=\"lvllbl\">Niveau<\/span> \n<span class=\"lvlel\">3<\/span>\n<\/span>\n<\/p>\n<h3 class=\"h5 fw-bold title entry-title mb-4\"><a href=\"https:\/\/www.youtube.com\/watch?v=Lzx778I8toA\" class=\"openvid\" data-vid=\"Lzx778I8toA\">S\u00e9curit\u00e9 de l&rsquo;information dans l&rsquo;administration publique &#8211; Lignes directrices pour la conception<\/a><\/h3>\n<div class=\"d-none videodescr\"><div><!-- wp:paragraph {\"translatedWithWPMLTM\":\"1\"} -->\n<p>Vid\u00e9o r\u00e9alis\u00e9e par: FormezPA<\/p>\n<!-- \/wp:paragraph --><\/div><div class=\"pt-3\"><p>Pour afficher les sous-titres dans votre langue, cliquez sur le symbole de l&rsquo;engrenage \u00ab\u00a0param\u00e8tres\u00a0\u00bb et, sous \u00ab\u00a0sous-titres\u00a0\u00bb, choisissez votre langue.<\/p>\n<\/div><\/div>\n<p><a href=\"https:\/\/www.youtube.com\/watch?v=Lzx778I8toA\" class=\"openvid\" data-vid=\"Lzx778I8toA\"><strong>REGARDER \u2192<\/strong><\/a><\/p>\n<\/div>\n<\/div>\n<div class=\"col-lg-4\">\n<div class=\"vidblk mb-5\">\n<p class=\"videotb\"><a href=\"https:\/\/viareggiodigitale.it\/fr\/video\/spid-come-rendere-i-tuoi-servizi-accessibili-con-spid\/\" class=\"openvid vidbg\" data-vid=\"G8ky0svllk4\" style=\"background-image: url(https:\/\/img.youtube.com\/vi\/G8ky0svllk4\/hqdefault.jpg)\"><\/a><\/p>\n<p class=\"metavideo d-flex justify-content-start\">\n<span class=\"vidcat\">Pubblica amministrazione<\/span>\n<span class=\"px-1 fw-bold\"><a href=\"https:\/\/viareggiodigitale.it\/fr\/argomento\/spid\/\" class=\"argcat\">Spid<\/a><\/span>\n<span class=\"lvllist ms-auto\"><span class=\"lvllbl\">Niveau<\/span> \n<span class=\"lvlel\">2<\/span>\n<\/span>\n<\/p>\n<h3 class=\"h5 fw-bold title entry-title mb-4\"><a href=\"https:\/\/www.youtube.com\/watch?v=G8ky0svllk4\" class=\"openvid\" data-vid=\"G8ky0svllk4\">Spid &#8211; Come rendere i tuoi servizi accessibili con SPID<\/a><\/h3>\n<div class=\"d-none videodescr\"><div><!-- wp:paragraph -->\n<p>Video realizzato da: Agid<\/p>\n<!-- \/wp:paragraph --><\/div><div class=\"pt-3\"><p>Pour afficher les sous-titres dans votre langue, cliquez sur le symbole de l&rsquo;engrenage \u00ab\u00a0param\u00e8tres\u00a0\u00bb et, sous \u00ab\u00a0sous-titres\u00a0\u00bb, choisissez votre langue.<\/p>\n<\/div><\/div>\n<p><a href=\"https:\/\/www.youtube.com\/watch?v=G8ky0svllk4\" class=\"openvid\" data-vid=\"G8ky0svllk4\"><strong>REGARDER \u2192<\/strong><\/a><\/p>\n<\/div>\n<\/div>\n<div class=\"col-lg-4\">\n<div class=\"vidblk mb-5\">\n<p class=\"videotb\"><a href=\"https:\/\/viareggiodigitale.it\/fr\/video\/cloud-italia-il-cloud-della-pubblica-amministrazione-come-effettuare-la-classificazione-di-dati-e-servizi-per-la-migrazione-al-cloud\/\" class=\"openvid vidbg\" data-vid=\"r2QD-uGbI7M\" style=\"background-image: url(https:\/\/img.youtube.com\/vi\/r2QD-uGbI7M\/hqdefault.jpg)\"><\/a><\/p>\n<p class=\"metavideo d-flex justify-content-start\">\n<span class=\"vidcat\">Pubblica amministrazione<\/span>\n<span class=\"px-1 fw-bold\"><a href=\"https:\/\/viareggiodigitale.it\/fr\/argomento\/cloud-italia\/\" class=\"argcat\">Cloud Italia<\/a><\/span>\n<span class=\"lvllist ms-auto\"><span class=\"lvllbl\">Niveau<\/span> \n<span class=\"lvlel\">1<\/span>\n<span class=\"lvlel\">2<\/span>\n<\/span>\n<\/p>\n<h3 class=\"h5 fw-bold title entry-title mb-4\"><a href=\"https:\/\/www.youtube.com\/watch?v=r2QD-uGbI7M\" class=\"openvid\" data-vid=\"r2QD-uGbI7M\">Cloud Italia. Il Cloud Della pubblica Amministrazione &#8211; Come effettuare la classificazione di dati e servizi per la migrazione al cloud<\/a><\/h3>\n<div class=\"d-none videodescr\"><div><!-- wp:paragraph -->\n<p>Video realizzato da: Dipartimento per la trasformazione digitale<\/p>\n<!-- \/wp:paragraph --><\/div><div class=\"pt-3\"><p>Pour afficher les sous-titres dans votre langue, cliquez sur le symbole de l&rsquo;engrenage \u00ab\u00a0param\u00e8tres\u00a0\u00bb et, sous \u00ab\u00a0sous-titres\u00a0\u00bb, choisissez votre langue.<\/p>\n<\/div><\/div>\n<p><a href=\"https:\/\/www.youtube.com\/watch?v=r2QD-uGbI7M\" class=\"openvid\" data-vid=\"r2QD-uGbI7M\"><strong>REGARDER \u2192<\/strong><\/a><\/p>\n<\/div>\n<\/div>\n<\/div>\n\n\n\n<div class=\"wp-block-group flexinner\"><div class=\"wp-block-group__inner-container is-layout-constrained wp-block-group-is-layout-constrained\">\n<h3 class=\"wp-block-heading my-5 fw-normal\"><em><em>Entreprises<\/em><\/em><\/h3>\n\n\n\n<div class=\"wp-block-buttons is-content-justification-right is-layout-flex wp-container-core-buttons-is-layout-765c4724 wp-block-buttons-is-layout-flex\">\n<div class=\"wp-block-button\"><a class=\"wp-block-button__link wp-element-button\" href=\"https:\/\/viareggiodigitale.it\/fr\/lecole-digital-2\/\">Voir tous<\/a><\/div>\n<\/div>\n<\/div><\/div>\n\n\n<div class=\"row\">\n<div class=\"col-lg-4\">\n<div class=\"vidblk mb-5\">\n<p class=\"videotb\"><a href=\"https:\/\/viareggiodigitale.it\/fr\/video\/mover-comment-consulter-les-cartes-interactives-des-parkings-et-des-travaux-routiers\/\" class=\"openvid vidbg\" data-vid=\"y0MelhHEQ5g\" style=\"background-image: url(https:\/\/img.youtube.com\/vi\/y0MelhHEQ5g\/hqdefault.jpg)\"><\/a><\/p>\n<p class=\"metavideo d-flex justify-content-start\">\n<span class=\"px-1 fw-bold\"><a href=\"https:\/\/viareggiodigitale.it\/fr\/argomento\/mover-fr\/\" class=\"argcat\">Mover<\/a><\/span>\n<span class=\"lvllist ms-auto\"><span class=\"lvllbl\">Niveau<\/span> \n<span class=\"lvlel\">1<\/span>\n<\/span>\n<\/p>\n<h3 class=\"h5 fw-bold title entry-title mb-4\"><a href=\"https:\/\/www.youtube.com\/watch?v=y0MelhHEQ5g\" class=\"openvid\" data-vid=\"y0MelhHEQ5g\">Mover: comment consulter les cartes interactives des parkings et des travaux routiers<\/a><\/h3>\n<div class=\"d-none videodescr\"><div><\/div><div class=\"pt-3\"><p>Pour afficher les sous-titres dans votre langue, cliquez sur le symbole de l&rsquo;engrenage \u00ab\u00a0param\u00e8tres\u00a0\u00bb et, sous \u00ab\u00a0sous-titres\u00a0\u00bb, choisissez votre langue.<\/p>\n<\/div><\/div>\n<p><a href=\"https:\/\/www.youtube.com\/watch?v=y0MelhHEQ5g\" class=\"openvid\" data-vid=\"y0MelhHEQ5g\"><strong>REGARDER \u2192<\/strong><\/a><\/p>\n<\/div>\n<\/div>\n<div class=\"col-lg-4\">\n<div class=\"vidblk mb-5\">\n<p class=\"videotb\"><a href=\"https:\/\/viareggiodigitale.it\/fr\/video\/viareggio-digitale-la-ville-intelligente-commence-avec-vous\/\" class=\"openvid vidbg\" data-vid=\"w56NxGR9Hbs\" style=\"background-image: url(https:\/\/img.youtube.com\/vi\/w56NxGR9Hbs\/hqdefault.jpg)\"><\/a><\/p>\n<p class=\"metavideo d-flex justify-content-start\">\n<span class=\"px-1 fw-bold\"><a href=\"https:\/\/viareggiodigitale.it\/fr\/argomento\/viareggio-digitale-fr\/\" class=\"argcat\">Viareggio Digitale<\/a><\/span>\n<span class=\"lvllist ms-auto\"><span class=\"lvllbl\">Niveau<\/span> \n<span class=\"lvlel\">1<\/span>\n<\/span>\n<\/p>\n<h3 class=\"h5 fw-bold title entry-title mb-4\"><a href=\"https:\/\/www.youtube.com\/watch?v=w56NxGR9Hbs\" class=\"openvid\" data-vid=\"w56NxGR9Hbs\">Viareggio Digitale &#8211; La ville intelligente commence avec vous<\/a><\/h3>\n<div class=\"d-none videodescr\"><div><\/div><div class=\"pt-3\"><p>Pour afficher les sous-titres dans votre langue, cliquez sur le symbole de l&rsquo;engrenage \u00ab\u00a0param\u00e8tres\u00a0\u00bb et, sous \u00ab\u00a0sous-titres\u00a0\u00bb, choisissez votre langue.<\/p>\n<\/div><\/div>\n<p><a href=\"https:\/\/www.youtube.com\/watch?v=w56NxGR9Hbs\" class=\"openvid\" data-vid=\"w56NxGR9Hbs\"><strong>REGARDER \u2192<\/strong><\/a><\/p>\n<\/div>\n<\/div>\n<div class=\"col-lg-4\">\n<div class=\"vidblk mb-5\">\n<p class=\"videotb\"><a href=\"https:\/\/viareggiodigitale.it\/fr\/video\/comment-trier-les-dechets\/\" class=\"openvid vidbg\" data-vid=\"_I0qaYejQvo\" style=\"background-image: url(https:\/\/img.youtube.com\/vi\/_I0qaYejQvo\/hqdefault.jpg)\"><\/a><\/p>\n<p class=\"metavideo d-flex justify-content-start\">\n<span class=\"px-1 fw-bold\"><a href=\"https:\/\/viareggiodigitale.it\/fr\/argomento\/sea-ambiente-fr\/\" class=\"argcat\">Sea Ambiente<\/a>, <a href=\"https:\/\/viareggiodigitale.it\/fr\/argomento\/sea-risorse-fr\/\" class=\"argcat\">Sea Risorse<\/a><\/span>\n<span class=\"lvllist ms-auto\"><span class=\"lvllbl\">Niveau<\/span> \n<span class=\"lvlel\">1<\/span>\n<\/span>\n<\/p>\n<h3 class=\"h5 fw-bold title entry-title mb-4\"><a href=\"https:\/\/www.youtube.com\/watch?v=_I0qaYejQvo\" class=\"openvid\" data-vid=\"_I0qaYejQvo\">Comment trier les d\u00e9chets<\/a><\/h3>\n<div class=\"d-none videodescr\"><div><\/div><div class=\"pt-3\"><p>Pour afficher les sous-titres dans votre langue, cliquez sur le symbole de l&rsquo;engrenage \u00ab\u00a0param\u00e8tres\u00a0\u00bb et, sous \u00ab\u00a0sous-titres\u00a0\u00bb, choisissez votre langue.<\/p>\n<\/div><\/div>\n<p><a href=\"https:\/\/www.youtube.com\/watch?v=_I0qaYejQvo\" class=\"openvid\" data-vid=\"_I0qaYejQvo\"><strong>REGARDER \u2192<\/strong><\/a><\/p>\n<\/div>\n<\/div>\n<\/div>\n\n\n\n<div class=\"wp-block-group bgwhite px-4 py-5 mb-5 shadow\"><div class=\"wp-block-group__inner-container is-layout-constrained wp-block-group-is-layout-constrained\">\n<div class=\"wp-block-columns are-vertically-aligned-center mb-0 is-layout-flex wp-container-core-columns-is-layout-9d6595d7 wp-block-columns-is-layout-flex\">\n<div class=\"wp-block-column is-vertically-aligned-center is-layout-flow wp-block-column-is-layout-flow\" style=\"flex-basis:66.66%\">\n<p class=\"hasquestion strongblue mb-0\"><span class=\"via via-question darkblue\" aria-hidden=\"true\"><\/span><strong>Proposez vos id\u00e9es<\/strong><br\/>D\u00e9terminez votre niveau de comp\u00e9tence num\u00e9rique, cela vous aidera \u00e0 choisir le contenu qui vous convient.<\/p>\n<\/div>\n\n\n\n<div class=\"wp-block-column is-vertically-aligned-center is-layout-flow wp-block-column-is-layout-flow\" style=\"flex-basis:33.33%\">\n<div class=\"wp-block-buttons mb-0 is-content-justification-right is-layout-flex wp-container-core-buttons-is-layout-765c4724 wp-block-buttons-is-layout-flex\">\n<div class=\"wp-block-button\"><a class=\"wp-block-button__link wp-element-button\" href=\"https:\/\/viareggiodigitale.it\/fr\/proposez-vos-idees\/\" style=\"border-radius:3px\">Proposer<\/a><\/div>\n<\/div>\n<\/div>\n<\/div>\n<\/div><\/div>\n<\/div><\/div>\n<\/div><\/div>\n\n<div class=\"wp-block-group container py-5\"><div class=\"wp-block-group__inner-container is-layout-constrained wp-block-group-is-layout-constrained\">\n<h2 class=\"wp-block-heading darkblue mb-4\">En \u00e9vidence<\/h2>\n\n\n\n<p class=\"mb-5\">Restez au courant des activit\u00e9s de votre ville intelligente et des mises \u00e0 jour de Viareggio Digitale con\u00e7ues pour am\u00e9liorer votre num\u00e9risation et vous faciliter la vie.<\/p>\n\n\n<div class=\"row d-flex justify-content-center\">\n<div class=\"col-lg-4 pb-5\">\n<div class=\"bgwhite shadow h-100\">\n<div class=\"posttb\">\n<p class=\"tbblk mb-0\"><a href=\"https:\/\/viareggiodigitale.it\/fr\/2023\/05\/22\/viareggio-digitale-la-ville-intelligente-commence-avec-vous\/\" rel=\"bookmark\" class=\"imagetb\" style=\"background-image: url(https:\/\/viareggiodigitale.it\/wp-content\/uploads\/2023\/05\/copertina-viareggio-digitale.png)\"><\/a><\/p>\n<\/div>\n<div class=\"p-4\">\n<div class=\"small mb-3\">\n<strong class=\"text-uppercase\"><a href=\"https:\/\/viareggiodigitale.it\/fr\/categorie\/en-evidence\/\" rel=\"category tag\">En \u00e9vidence<\/a><\/strong>\n - <span class=\"entry-meta text-uppercase\"><span class=\"posted-on\"><span class=\"visually-hidden\">Posted on<\/span> <time class=\"entry-date published updated\" datetime=\"2023-05-22T10:44:38+02:00\">22 mai 2023<\/time><\/span><\/span>\n<\/div>\n<h3 class=\"h5 title entry-title fw-bold mb-3\"><a href=\"https:\/\/viareggiodigitale.it\/fr\/2023\/05\/22\/viareggio-digitale-la-ville-intelligente-commence-avec-vous\/\" rel=\"bookmark\">Viareggio Digitale &#8211; La ville intelligente commence avec vous<\/a><\/h3>\n<p>Viareggio Digitale a \u00e9t\u00e9 cr\u00e9\u00e9 pour faciliter l&rsquo;acc\u00e8s des citoyens, de l&rsquo;administration publique et des entreprises au monde num\u00e9rique, en&hellip;<\/p><p class=\"rmore mb-0\"><a class=\"websoup-read-more-link fw-bold\" href=\"https:\/\/viareggiodigitale.it\/fr\/2023\/05\/22\/viareggio-digitale-la-ville-intelligente-commence-avec-vous\/\">Read More \u2192<\/a><\/p>\n<\/div>\n<\/div>\n<\/div>\n<div class=\"col-lg-4 pb-5\">\n<div class=\"bgwhite shadow h-100\">\n<div class=\"posttb\">\n<p class=\"tbblk mb-0\"><a href=\"https:\/\/viareggiodigitale.it\/fr\/2023\/02\/27\/service-civil-numerique-nouvel-avis-pour-les-organisations\/\" rel=\"bookmark\" class=\"imagetb\" style=\"background-image: url(https:\/\/viareggiodigitale.it\/wp-content\/uploads\/2023\/02\/anziano-giovane-computer.jpg)\"><\/a><\/p>\n<\/div>\n<div class=\"p-4\">\n<div class=\"small mb-3\">\n<strong class=\"text-uppercase\"><a href=\"https:\/\/viareggiodigitale.it\/fr\/categorie\/de-sources-externes\/\" rel=\"category tag\">de sources externes<\/a><\/strong>\n - <span class=\"entry-meta text-uppercase\"><span class=\"posted-on\"><span class=\"visually-hidden\">Posted on<\/span> <time class=\"entry-date published updated\" datetime=\"2023-02-27T12:36:27+01:00\">27 f\u00e9vrier 2023<\/time><\/span><\/span>\n<\/div>\n<h3 class=\"h5 title entry-title fw-bold mb-3\"><a href=\"https:\/\/viareggiodigitale.it\/fr\/2023\/02\/27\/service-civil-numerique-nouvel-avis-pour-les-organisations\/\" rel=\"bookmark\">Service civil num\u00e9rique : nouvel avis pour les organisations<\/a><\/h3>\n<p>Publication du deuxi\u00e8me avis du PNRR du Service civil num\u00e9rique pour les organisations. 5 000 volontaires dans le nouvel appel.&hellip;<\/p><p class=\"rmore mb-0\"><a class=\"websoup-read-more-link fw-bold\" href=\"https:\/\/viareggiodigitale.it\/fr\/2023\/02\/27\/service-civil-numerique-nouvel-avis-pour-les-organisations\/\">Read More \u2192<\/a><\/p>\n<\/div>\n<\/div>\n<\/div>\n<div class=\"col-lg-4 pb-5\">\n<div class=\"bgwhite shadow h-100\">\n<div class=\"posttb\">\n<p class=\"tbblk mb-0\"><a href=\"https:\/\/viareggiodigitale.it\/fr\/2023\/02\/27\/plus-de-373-millions-deuros-provenant-du-pnr-pour-la-migration-des-donnees-et-des-services-vers-le-pole-strategique-national\/\" rel=\"bookmark\" class=\"imagetb\" style=\"background-image: url(https:\/\/viareggiodigitale.it\/wp-content\/uploads\/2023\/02\/cloud-storage.jpg)\"><\/a><\/p>\n<\/div>\n<div class=\"p-4\">\n<div class=\"small mb-3\">\n<strong class=\"text-uppercase\"><a href=\"https:\/\/viareggiodigitale.it\/fr\/categorie\/de-sources-externes\/\" rel=\"category tag\">de sources externes<\/a><\/strong>\n - <span class=\"entry-meta text-uppercase\"><span class=\"posted-on\"><span class=\"visually-hidden\">Posted on<\/span> <time class=\"entry-date published updated\" datetime=\"2023-02-27T12:33:53+01:00\">27 f\u00e9vrier 2023<\/time><\/span><\/span>\n<\/div>\n<h3 class=\"h5 title entry-title fw-bold mb-3\"><a href=\"https:\/\/viareggiodigitale.it\/fr\/2023\/02\/27\/plus-de-373-millions-deuros-provenant-du-pnr-pour-la-migration-des-donnees-et-des-services-vers-le-pole-strategique-national\/\" rel=\"bookmark\">Plus de 373 millions d&rsquo;euros provenant du PNR pour la migration des donn\u00e9es et des services vers le p\u00f4le strat\u00e9gique national.<\/a><\/h3>\n<p>Publication de l&rsquo;avis sur le cloud permettant aux administrations pilotes de migrer leurs syst\u00e8mes d&rsquo;information En savoir plus&hellip;<\/p><p class=\"rmore mb-0\"><a class=\"websoup-read-more-link fw-bold\" href=\"https:\/\/viareggiodigitale.it\/fr\/2023\/02\/27\/plus-de-373-millions-deuros-provenant-du-pnr-pour-la-migration-des-donnees-et-des-services-vers-le-pole-strategique-national\/\">Read More \u2192<\/a><\/p>\n<\/div>\n<\/div>\n<\/div>\n<\/div>\n\n\n\n<div class=\"wp-block-columns is-not-stacked-on-mobile mt-5 pt-5 mb-0 is-layout-flex wp-container-core-columns-is-layout-9d6595d7 wp-block-columns-is-layout-flex\">\n<div class=\"wp-block-column is-layout-flow wp-block-column-is-layout-flow\" style=\"flex-basis:200px\">\n<p class=\"darkblue mb-4 h5\"><strong>C&rsquo;est un projet de<\/strong><\/p>\n\n\n\n<figure class=\"wp-block-image size-full\"><a href=\"https:\/\/www.comune.viareggio.lu.it\/\"><img loading=\"lazy\" decoding=\"async\" width=\"107\" height=\"170\" src=\"https:\/\/viareggiodigitale.it\/wp-content\/uploads\/2023\/02\/immagine.png\" alt=\"Municipalit&#xE9; de Viareggio\" class=\"wp-image-154\"\/><\/a><\/figure>\n<\/div>\n\n\n\n<div class=\"wp-block-column is-layout-flow wp-block-column-is-layout-flow\">\n<p class=\"darkblue mb-4 h5\"><strong>Avec le soutien de<\/strong><\/p>\n\n\n\n<div class=\"wp-block-group flex-inner\"><div class=\"wp-block-group__inner-container is-layout-constrained wp-block-group-is-layout-constrained\">\n<figure class=\"wp-block-image size-full\"><a href=\"https:\/\/www.icareviareggio.it\/\"><img loading=\"lazy\" decoding=\"async\" width=\"139\" height=\"128\" src=\"https:\/\/viareggiodigitale.it\/wp-content\/uploads\/2023\/02\/immagine-1.png\" alt=\"iCare\" class=\"wp-image-156\"\/><\/a><\/figure>\n\n\n\n<figure class=\"wp-block-image size-full\"><a href=\"https:\/\/www.moverspa.it\/\"><img loading=\"lazy\" decoding=\"async\" width=\"203\" height=\"100\" src=\"https:\/\/viareggiodigitale.it\/wp-content\/uploads\/2023\/02\/immagine-2.png\" alt=\"Mover\" class=\"wp-image-157\"\/><\/a><\/figure>\n\n\n\n<figure class=\"wp-block-image size-full\"><a href=\"https:\/\/www.searisorse.it\/\"><img loading=\"lazy\" decoding=\"async\" width=\"221\" height=\"76\" src=\"https:\/\/viareggiodigitale.it\/wp-content\/uploads\/2023\/02\/immagine-3.png\" alt=\"SEA Risorse\" class=\"wp-image-158\"\/><\/a><\/figure>\n\n\n\n<figure class=\"wp-block-image size-full\"><a href=\"https:\/\/www.seaambiente-spa.it\/\"><img loading=\"lazy\" decoding=\"async\" width=\"149\" height=\"43\" src=\"https:\/\/viareggiodigitale.it\/wp-content\/uploads\/2023\/02\/immagine-4.png\" alt=\"SEA Ambiente\" class=\"wp-image-159\"\/><\/a><\/figure>\n<\/div><\/div>\n<\/div>\n<\/div>\n\n\n\n<div style=\"height:20px\" aria-hidden=\"true\" class=\"wp-block-spacer\"><\/div>\n\n\n\n<p class=\"has-text-align-center\">Ce site Web contient des tutoriels vid\u00e9o produits par la municipalit\u00e9 de Viareggio et des vid\u00e9os sur les questions num\u00e9riques produites par des entit\u00e9s publiques et priv\u00e9es et mises \u00e0 disposition par ces derni\u00e8res sur leurs cha\u00eenes YouTube respectives. Ces vid\u00e9os sont publi\u00e9es sur ce portail gr\u00e2ce au code d&rsquo;int\u00e9gration fourni par la plateforme de partage de vid\u00e9os. Ce mat\u00e9riel est la propri\u00e9t\u00e9 exclusive des d\u00e9tenteurs de droits respectifs.<\/p>\n<\/div><\/div>\n\n<p class=\"has-small-font-size\"><\/p>\n","protected":false},"excerpt":{"rendered":"<p>Objectifs et ressources pour le Viareggio du futur,un plan visant \u00e0 d\u00e9velopper les comp\u00e9tences num\u00e9riques des citoyens, des entreprises et&hellip;<\/p>\n<p class=\"rmore mb-0\"><a class=\"websoup-read-more-link fw-bold\" href=\"https:\/\/viareggiodigitale.it\/fr\/2023\/02\/27\/plus-de-373-millions-deuros-provenant-du-pnr-pour-la-migration-des-donnees-et-des-services-vers-le-pole-strategique-national\/\">Read More \u2192<\/a><\/p>\n","protected":false},"author":1,"featured_media":0,"parent":0,"menu_order":0,"comment_status":"closed","ping_status":"closed","template":"page-templates\/empty.php","meta":{"_acf_changed":false,"footnotes":""},"argomento":[],"class_list":["post-396","page","type-page","status-publish","hentry"],"acf":[],"_links":{"self":[{"href":"https:\/\/viareggiodigitale.it\/fr\/wp-json\/wp\/v2\/pages\/396","targetHints":{"allow":["GET"]}}],"collection":[{"href":"https:\/\/viareggiodigitale.it\/fr\/wp-json\/wp\/v2\/pages"}],"about":[{"href":"https:\/\/viareggiodigitale.it\/fr\/wp-json\/wp\/v2\/types\/page"}],"author":[{"embeddable":true,"href":"https:\/\/viareggiodigitale.it\/fr\/wp-json\/wp\/v2\/users\/1"}],"replies":[{"embeddable":true,"href":"https:\/\/viareggiodigitale.it\/fr\/wp-json\/wp\/v2\/comments?post=396"}],"version-history":[{"count":5,"href":"https:\/\/viareggiodigitale.it\/fr\/wp-json\/wp\/v2\/pages\/396\/revisions"}],"predecessor-version":[{"id":756,"href":"https:\/\/viareggiodigitale.it\/fr\/wp-json\/wp\/v2\/pages\/396\/revisions\/756"}],"wp:attachment":[{"href":"https:\/\/viareggiodigitale.it\/fr\/wp-json\/wp\/v2\/media?parent=396"}],"wp:term":[{"taxonomy":"argomento","embeddable":true,"href":"https:\/\/viareggiodigitale.it\/fr\/wp-json\/wp\/v2\/argomento?post=396"}],"curies":[{"name":"wp","href":"https:\/\/api.w.org\/{rel}","templated":true}]}}