{"id":519,"date":"2023-02-28T16:29:17","date_gmt":"2023-02-28T15:29:17","guid":{"rendered":"https:\/\/viareggiodigitale.it\/lecole-digital-3\/"},"modified":"2023-03-30T12:48:45","modified_gmt":"2023-03-30T10:48:45","slug":"lecole-digital-3","status":"publish","type":"page","link":"https:\/\/viareggiodigitale.it\/fr\/lecole-digital-3\/","title":{"rendered":"L&rsquo;\u00e9cole digital"},"content":{"rendered":"\n<p class=\"mb-5\">Acc\u00e9dez aux tutoriels et d\u00e9veloppez vos comp\u00e9tences num\u00e9riques. D\u00e9couvrez un nouveau mod\u00e8le d&rsquo;innovation urbaine, interagissez avec l&rsquo;administration rapidement et facilement, entrez dans un monde num\u00e9rique plein de services et d&rsquo;opportunit\u00e9s.<\/p>\n\n<div class=\"wp-block-columns is-not-stacked-on-mobile coltabs small text-center fw-bold is-layout-flex wp-container-core-columns-is-layout-9d6595d7 wp-block-columns-is-layout-flex\">\n<div class=\"wp-block-column is-layout-flow wp-block-column-is-layout-flow\">\n<p><a href=\"https:\/\/viareggiodigitale.it\/fr\/lecole-digital\/\" data-type=\"page\" data-id=\"178\">Citoyens<\/a><\/p>\n<\/div>\n\n\n\n<div class=\"wp-block-column is-layout-flow wp-block-column-is-layout-flow\">\n<p><a href=\"https:\/\/viareggiodigitale.it\/fr\/lecole-digital-2\/\" data-type=\"page\" data-id=\"180\">Entreprises<\/a><\/p>\n<\/div>\n\n\n\n<div class=\"wp-block-column is-layout-flow wp-block-column-is-layout-flow\">\n<p class=\"act\"><a href=\"https:\/\/viareggiodigitale.it\/fr\/lecole-digital-3\/\" data-type=\"page\" data-id=\"182\">Administration publique<\/a><\/p>\n<\/div>\n<\/div>\n\n<div class=\"wp-block-group clearfix mb-2\"><div class=\"wp-block-group__inner-container is-layout-constrained wp-block-group-is-layout-constrained\">\n<h2 class=\"h4 fw-normal mb-4 float-start mr-3 mt-1 wp-block-heading\"><em>Niveau 1<\/em><\/h2>\n\n\n\n<div class=\"wp-block-buttons is-content-justification-right is-layout-flex wp-container-core-buttons-is-layout-765c4724 wp-block-buttons-is-layout-flex\">\n<div class=\"wp-block-button\"><a class=\"wp-block-button__link wp-element-button\" href=\"https:\/\/viareggiodigitale.it\/fr\/administration-publique-niveau-1\/\">Voir tous<\/a><\/div>\n<\/div>\n<\/div><\/div>\n<div class=\"row\">\n<div class=\"col-lg-4\">\n<div class=\"vidblk mb-5\">\n<p class=\"videotb\"><a href=\"https:\/\/viareggiodigitale.it\/fr\/video\/viareggio-digitale-la-ville-intelligente-commence-avec-vous\/\" class=\"openvid vidbg\" data-vid=\"w56NxGR9Hbs\" style=\"background-image: url(https:\/\/img.youtube.com\/vi\/w56NxGR9Hbs\/hqdefault.jpg)\"><\/a><\/p>\n<p class=\"metavideo d-flex justify-content-start\">\n<span class=\"px-1 fw-bold\"><a href=\"https:\/\/viareggiodigitale.it\/fr\/argomento\/viareggio-digitale-fr\/\" class=\"argcat\">Viareggio Digitale<\/a><\/span>\n<span class=\"lvllist ms-auto\"><span class=\"lvllbl\">Niveau<\/span> \n<span class=\"lvlel\">1<\/span>\n<\/span>\n<\/p>\n<h3 class=\"h5 fw-bold title entry-title mb-4\"><a href=\"https:\/\/www.youtube.com\/watch?v=w56NxGR9Hbs\" class=\"openvid\" data-vid=\"w56NxGR9Hbs\">Viareggio Digitale &#8211; La ville intelligente commence avec vous<\/a><\/h3>\n<div class=\"d-none videodescr\"><div><\/div><div class=\"pt-3\"><p>Pour afficher les sous-titres dans votre langue, cliquez sur le symbole de l&rsquo;engrenage \u00ab\u00a0param\u00e8tres\u00a0\u00bb et, sous \u00ab\u00a0sous-titres\u00a0\u00bb, choisissez votre langue.<\/p>\n<\/div><\/div>\n<p><a href=\"https:\/\/www.youtube.com\/watch?v=w56NxGR9Hbs\" class=\"openvid\" data-vid=\"w56NxGR9Hbs\"><strong>REGARDER \u2192<\/strong><\/a><\/p>\n<\/div>\n<\/div>\n<div class=\"col-lg-4\">\n<div class=\"vidblk mb-5\">\n<p class=\"videotb\"><a class=\"imagetb bgcover\" href=\"https:\/\/viareggiodigitale.it\/fr\/video\/tout-sur-le-stationnement-a-viareggio\/\" style=\"background-image: url(https:\/\/viareggiodigitale.it\/wp-content\/uploads\/2023\/03\/Screenshot-2023-03-31-at-11-52-48-MoVer-730x355.jpg)\"><\/a><\/p>\n<p class=\"metavideo d-flex justify-content-start\">\n<span class=\"px-1 fw-bold\"><a href=\"https:\/\/viareggiodigitale.it\/fr\/argomento\/mover-fr\/\" class=\"argcat\">Mover<\/a><\/span>\n<span class=\"lvllist ms-auto\"><span class=\"lvllbl\">Niveau<\/span> \n<span class=\"lvlel\">1<\/span>\n<\/span>\n<\/p>\n<h3 class=\"h5 fw-bold title entry-title mb-4\"><a href=\"https:\/\/viareggiodigitale.it\/fr\/video\/tout-sur-le-stationnement-a-viareggio\/\">Tout sur le stationnement \u00e0 Viareggio<\/a><\/h3>\n<div class=\"d-none videodescr\"><div><!-- wp:heading -->\n<h2 class=\"wp-block-heading\">MO.VER.<\/h2>\n<!-- \/wp:heading --><!-- wp:paragraph {\"translatedWithWPMLTM\":\"1\"} -->\n<p><strong>Toute l'information \u00e0 votre disposition, en ligne.<\/strong>.<\/p>\n<!-- \/wp:paragraph --><!-- wp:paragraph {\"translatedWithWPMLTM\":\"1\"} -->\n<p>Vous souhaitez conna\u00eetre les zones, l'emplacement des parcm\u00e8tres, les tarifs, les types d'abonnement et leur co\u00fbt ? <br\/>Vous pouvez le faire facilement et rapidement en ligne.<br\/>Venez sur <a href=\"http:\/\/www.moverspa.it\/\">www.moverspa.it<\/a>, cliquez dans le menu sur STOP EN VILLE et acc\u00e9dez \u00e0 toutes les informations dont vous avez besoin.<\/p>\n<!-- \/wp:paragraph --><!-- wp:image {\"id\":578,\"sizeSlug\":\"full\",\"linkDestination\":\"none\"} -->\n<figure class=\"wp-block-image size-full\"><img loading=\"lazy\" decoding=\"async\" width=\"1017\" height=\"271\" src=\"https:\/\/viareggiodigitale.it\/wp-content\/uploads\/2023\/03\/immagine.png\" alt=\"Schermata  del sito con i servizi offerti da MO.VER.\" class=\"wp-image-578\" srcset=\"https:\/\/viareggiodigitale.it\/wp-content\/uploads\/2023\/03\/immagine.png 1017w, https:\/\/viareggiodigitale.it\/wp-content\/uploads\/2023\/03\/immagine-730x195.png 730w, https:\/\/viareggiodigitale.it\/wp-content\/uploads\/2023\/03\/immagine-768x205.png 768w\" sizes=\"auto, (max-width: 1017px) 100vw, 1017px\" \/><\/figure>\n<!-- \/wp:image --><!-- wp:paragraph {\"translatedWithWPMLTM\":\"1\"} -->\n<p>En cliquant sur l'ic\u00f4ne ABONNEMENTS, vous pouvez choisir le profil qui vous int\u00e9resse, repr\u00e9sent\u00e9 par <strong>8 ic\u00f4nes<\/strong> (R\u00e9sidents, Non-r\u00e9sidents, M\u00e8res, Professionnels de la sant\u00e9, Travailleurs, Professionnels du commerce, \u00c9tablissements de bains, H\u00f4tels).<\/p>\n<!-- \/wp:paragraph --><!-- wp:paragraph {\"translatedWithWPMLTM\":\"1\"} -->\n<p>Chacune d'entre elles contient des liens vers les formulaires, la liste des prix (le cas \u00e9ch\u00e9ant) et les autorisations.<\/p>\n<!-- \/wp:paragraph --><!-- wp:paragraph {\"translatedWithWPMLTM\":\"1\"} -->\n<p>En cliquant sur DISCIPLINE ET TARIFS, vous pouvez acc\u00e9der \u00e0 des liens permettant de consulter les <strong>profils tarifaires<\/strong> pour les diff\u00e9rentes cat\u00e9gories d'usagers et les routes concern\u00e9es par la tarification, avec leur r\u00e9gime et leurs horaires, ainsi que le <strong>R\u00e8glement du stationnement<\/strong> et les diff\u00e9rentes <strong>d\u00e9lib\u00e9rations<\/strong>.<\/p>\n<!-- \/wp:paragraph --><!-- wp:paragraph {\"translatedWithWPMLTM\":\"1\"} -->\n<p>En cliquant sur l'ic\u00f4ne APP MOVER VIAREGGIO, il est possible de d\u00e9couvrir toutes les possibilit\u00e9s offertes par ladite application en usage dans la zone de Viareggio et de t\u00e9l\u00e9charger l'application \u00e0 travers les boutons de la page <strong>\"Disponible sur App Store\"<\/strong> et <strong>\"Disponible sur Google Play\"<\/strong>. En outre, en d\u00e9filant vers le bas de la page, vous pouvez acc\u00e9der au lien <strong>Autres APPs disponibles pour payer le stationnement dans la ville<\/strong>, un lien qui fournira une liste compl\u00e8te.<\/p>\n<!-- \/wp:paragraph --><!-- wp:paragraph {\"translatedWithWPMLTM\":\"1\"} -->\n<p>En cliquant sur l'ic\u00f4ne PARKING GRATUIT, il est possible, via le lien vers la carte interactive pr\u00e9sente, de localiser les places de parking gratuites, les zones payantes et les pistes cyclables.<\/p>\n<!-- \/wp:paragraph --><!-- wp:paragraph {\"translatedWithWPMLTM\":\"1\"} -->\n<p>\u00e0 une carte, o\u00f9 il sera possible de localiser les <strong>lieux et points de vente<\/strong>, les <strong>zones de stationnement payant<\/strong> et le <strong>parcm\u00e8tre<\/strong> le plus proche.<\/p>\n<!-- \/wp:paragraph --><!-- wp:paragraph {\"translatedWithWPMLTM\":\"1\"} -->\n<p>En ce qui concerne les parcm\u00e8tres, l'ic\u00f4ne relative vous permet de d\u00e9couvrir les 4 types de parcm\u00e8tres pr\u00e9sents dans la commune et de consulter, ici aussi, la CARTE INTERACTIVE DU PARKING.<\/p>\n<!-- \/wp:paragraph --><\/div><div class=\"pt-3\"><p>Pour afficher les sous-titres dans votre langue, cliquez sur le symbole de l&rsquo;engrenage \u00ab\u00a0param\u00e8tres\u00a0\u00bb et, sous \u00ab\u00a0sous-titres\u00a0\u00bb, choisissez votre langue.<\/p>\n<\/div><\/div>\n<p><a class=\"text-uppercase\" href=\"https:\/\/viareggiodigitale.it\/fr\/video\/tout-sur-le-stationnement-a-viareggio\/\"><strong>Read More \u2192<\/strong><\/a><\/p>\n<\/div>\n<\/div>\n<div class=\"col-lg-4\">\n<div class=\"vidblk mb-5\">\n<p class=\"videotb\"><a href=\"https:\/\/viareggiodigitale.it\/fr\/video\/webinar-ecole-digital-2022-2026\/\" class=\"openvid vidbg\" data-vid=\"_8n_HFwWfi8\" style=\"background-image: url(https:\/\/img.youtube.com\/vi\/_8n_HFwWfi8\/hqdefault.jpg)\"><\/a><\/p>\n<p class=\"metavideo d-flex justify-content-start\">\n\n<span class=\"lvllist ms-auto\"><span class=\"lvllbl\">Niveau<\/span> \n<span class=\"lvlel\">1<\/span>\n<span class=\"lvlel\">2<\/span>\n<\/span>\n<\/p>\n<h3 class=\"h5 fw-bold title entry-title mb-4\"><a href=\"https:\/\/www.youtube.com\/watch?v=_8n_HFwWfi8\" class=\"openvid\" data-vid=\"_8n_HFwWfi8\">Webinar: \u00c9cole Digital 2022 &#8211; 2026<\/a><\/h3>\n<div class=\"d-none videodescr\"><div><!-- wp:paragraph {\"translatedWithWPMLTM\":\"1\"} -->\n<p>Vid\u00e9o r\u00e9alis\u00e9e par: Ministero dell'Istruzione<\/p>\n<!-- \/wp:paragraph --><\/div><div class=\"pt-3\"><p>Pour afficher les sous-titres dans votre langue, cliquez sur le symbole de l&rsquo;engrenage \u00ab\u00a0param\u00e8tres\u00a0\u00bb et, sous \u00ab\u00a0sous-titres\u00a0\u00bb, choisissez votre langue.<\/p>\n<\/div><\/div>\n<p><a href=\"https:\/\/www.youtube.com\/watch?v=_8n_HFwWfi8\" class=\"openvid\" data-vid=\"_8n_HFwWfi8\"><strong>REGARDER \u2192<\/strong><\/a><\/p>\n<\/div>\n<\/div>\n<\/div>\n\n<div class=\"wp-block-group clearfix mb-2\"><div class=\"wp-block-group__inner-container is-layout-constrained wp-block-group-is-layout-constrained\">\n<h2 class=\"h4 fw-normal mb-4 float-start mr-3 mt-1 wp-block-heading\"><em>Niveau 2<\/em><\/h2>\n\n\n\n<div class=\"wp-block-buttons is-content-justification-right is-layout-flex wp-container-core-buttons-is-layout-765c4724 wp-block-buttons-is-layout-flex\">\n<div class=\"wp-block-button\"><a class=\"wp-block-button__link wp-element-button\" href=\"https:\/\/viareggiodigitale.it\/fr\/administration-publique-niveau-2\/\">Voir tous<\/a><\/div>\n<\/div>\n<\/div><\/div>\n<div class=\"row\">\n<div class=\"col-lg-4\">\n<div class=\"vidblk mb-5\">\n<p class=\"videotb\"><a href=\"https:\/\/viareggiodigitale.it\/fr\/video\/webinar-ecole-digital-2022-2026\/\" class=\"openvid vidbg\" data-vid=\"_8n_HFwWfi8\" style=\"background-image: url(https:\/\/img.youtube.com\/vi\/_8n_HFwWfi8\/hqdefault.jpg)\"><\/a><\/p>\n<p class=\"metavideo d-flex justify-content-start\">\n\n<span class=\"lvllist ms-auto\"><span class=\"lvllbl\">Niveau<\/span> \n<span class=\"lvlel\">1<\/span>\n<span class=\"lvlel\">2<\/span>\n<\/span>\n<\/p>\n<h3 class=\"h5 fw-bold title entry-title mb-4\"><a href=\"https:\/\/www.youtube.com\/watch?v=_8n_HFwWfi8\" class=\"openvid\" data-vid=\"_8n_HFwWfi8\">Webinar: \u00c9cole Digital 2022 &#8211; 2026<\/a><\/h3>\n<div class=\"d-none videodescr\"><div><!-- wp:paragraph {\"translatedWithWPMLTM\":\"1\"} -->\n<p>Vid\u00e9o r\u00e9alis\u00e9e par: Ministero dell'Istruzione<\/p>\n<!-- \/wp:paragraph --><\/div><div class=\"pt-3\"><p>Pour afficher les sous-titres dans votre langue, cliquez sur le symbole de l&rsquo;engrenage \u00ab\u00a0param\u00e8tres\u00a0\u00bb et, sous \u00ab\u00a0sous-titres\u00a0\u00bb, choisissez votre langue.<\/p>\n<\/div><\/div>\n<p><a href=\"https:\/\/www.youtube.com\/watch?v=_8n_HFwWfi8\" class=\"openvid\" data-vid=\"_8n_HFwWfi8\"><strong>REGARDER \u2192<\/strong><\/a><\/p>\n<\/div>\n<\/div>\n<div class=\"col-lg-4\">\n<div class=\"vidblk mb-5\">\n<p class=\"videotb\"><a href=\"https:\/\/viareggiodigitale.it\/fr\/video\/comment-classifier-les-donnees-et-les-services-de-votre-ecole\/\" class=\"openvid vidbg\" data-vid=\"IR6nWFk6Ll4\" style=\"background-image: url(https:\/\/img.youtube.com\/vi\/IR6nWFk6Ll4\/hqdefault.jpg)\"><\/a><\/p>\n<p class=\"metavideo d-flex justify-content-start\">\n<span class=\"px-1 fw-bold\"><a href=\"https:\/\/viareggiodigitale.it\/fr\/argomento\/ecole\/\" class=\"argcat\">\u00c9cole<\/a><\/span>\n<span class=\"lvllist ms-auto\"><span class=\"lvllbl\">Niveau<\/span> \n<span class=\"lvlel\">1<\/span>\n<span class=\"lvlel\">2<\/span>\n<\/span>\n<\/p>\n<h3 class=\"h5 fw-bold title entry-title mb-4\"><a href=\"https:\/\/www.youtube.com\/watch?v=IR6nWFk6Ll4\" class=\"openvid\" data-vid=\"IR6nWFk6Ll4\">Comment classifier les donn\u00e9es et les services de votre \u00e9cole ?<\/a><\/h3>\n<div class=\"d-none videodescr\"><div><!-- wp:paragraph {\"translatedWithWPMLTM\":\"1\"} -->\n<p>Vid\u00e9o r\u00e9alis\u00e9e par: Dipartimento per la trasformazione digitale<\/p>\n<!-- \/wp:paragraph --><\/div><div class=\"pt-3\"><p>Pour afficher les sous-titres dans votre langue, cliquez sur le symbole de l&rsquo;engrenage \u00ab\u00a0param\u00e8tres\u00a0\u00bb et, sous \u00ab\u00a0sous-titres\u00a0\u00bb, choisissez votre langue.<\/p>\n<\/div><\/div>\n<p><a href=\"https:\/\/www.youtube.com\/watch?v=IR6nWFk6Ll4\" class=\"openvid\" data-vid=\"IR6nWFk6Ll4\"><strong>REGARDER \u2192<\/strong><\/a><\/p>\n<\/div>\n<\/div>\n<div class=\"col-lg-4\">\n<div class=\"vidblk mb-5\">\n<p class=\"videotb\"><a href=\"https:\/\/viareggiodigitale.it\/fr\/video\/securite-informatique-dans-ladministration-publique-mise-en-place-de-systemes-de-securite\/\" class=\"openvid vidbg\" data-vid=\"yWtPoYOL95c\" style=\"background-image: url(https:\/\/img.youtube.com\/vi\/yWtPoYOL95c\/hqdefault.jpg)\"><\/a><\/p>\n<p class=\"metavideo d-flex justify-content-start\">\n<span class=\"px-1 fw-bold\"><a href=\"https:\/\/viareggiodigitale.it\/fr\/argomento\/securite\/\" class=\"argcat\">S\u00e9curit\u00e9<\/a><\/span>\n<span class=\"lvllist ms-auto\"><span class=\"lvllbl\">Niveau<\/span> \n<span class=\"lvlel\">2<\/span>\n<\/span>\n<\/p>\n<h3 class=\"h5 fw-bold title entry-title mb-4\"><a href=\"https:\/\/www.youtube.com\/watch?v=yWtPoYOL95c\" class=\"openvid\" data-vid=\"yWtPoYOL95c\">S\u00e9curit\u00e9 informatique dans l&rsquo;administration publique &#8211; Mise en place de syst\u00e8mes de s\u00e9curit\u00e9<\/a><\/h3>\n<div class=\"d-none videodescr\"><div><!-- wp:paragraph {\"translatedWithWPMLTM\":\"1\"} -->\n<p>Vid\u00e9o r\u00e9alis\u00e9e par: Agid<\/p>\n<!-- \/wp:paragraph --><\/div><div class=\"pt-3\"><p>Pour afficher les sous-titres dans votre langue, cliquez sur le symbole de l&rsquo;engrenage \u00ab\u00a0param\u00e8tres\u00a0\u00bb et, sous \u00ab\u00a0sous-titres\u00a0\u00bb, choisissez votre langue.<\/p>\n<\/div><\/div>\n<p><a href=\"https:\/\/www.youtube.com\/watch?v=yWtPoYOL95c\" class=\"openvid\" data-vid=\"yWtPoYOL95c\"><strong>REGARDER \u2192<\/strong><\/a><\/p>\n<\/div>\n<\/div>\n<\/div>\n\n<div class=\"wp-block-group clearfix mb-2\"><div class=\"wp-block-group__inner-container is-layout-constrained wp-block-group-is-layout-constrained\">\n<h2 class=\"h4 fw-normal mb-4 float-start mr-3 mt-1 wp-block-heading\"><em>Niveau 3<\/em><\/h2>\n\n\n\n<div class=\"wp-block-buttons is-content-justification-right is-layout-flex wp-container-core-buttons-is-layout-765c4724 wp-block-buttons-is-layout-flex\">\n<div class=\"wp-block-button\"><a class=\"wp-block-button__link wp-element-button\" href=\"https:\/\/viareggiodigitale.it\/fr\/administration-publique-niveau-3\/\">Voir tous<\/a><\/div>\n<\/div>\n<\/div><\/div>\n<div class=\"row\">\n<div class=\"col-lg-4\">\n<div class=\"vidblk mb-5\">\n<p class=\"videotb\"><a href=\"https:\/\/viareggiodigitale.it\/fr\/video\/la-cybersecurite-dans-ladministration-publique-types-dattaques-contre-ladministration-publique\/\" class=\"openvid vidbg\" data-vid=\"-eSyxCZ-kIA\" style=\"background-image: url(https:\/\/img.youtube.com\/vi\/-eSyxCZ-kIA\/hqdefault.jpg)\"><\/a><\/p>\n<p class=\"metavideo d-flex justify-content-start\">\n<span class=\"px-1 fw-bold\"><a href=\"https:\/\/viareggiodigitale.it\/fr\/argomento\/securite\/\" class=\"argcat\">S\u00e9curit\u00e9<\/a><\/span>\n<span class=\"lvllist ms-auto\"><span class=\"lvllbl\">Niveau<\/span> \n<span class=\"lvlel\">3<\/span>\n<\/span>\n<\/p>\n<h3 class=\"h5 fw-bold title entry-title mb-4\"><a href=\"https:\/\/www.youtube.com\/watch?v=-eSyxCZ-kIA\" class=\"openvid\" data-vid=\"-eSyxCZ-kIA\">La cybers\u00e9curit\u00e9 dans l&rsquo;administration publique &#8211; Types d&rsquo;attaques contre l&rsquo;administration publique<\/a><\/h3>\n<div class=\"d-none videodescr\"><div><!-- wp:paragraph {\"translatedWithWPMLTM\":\"1\"} -->\n<p>Vid\u00e9o r\u00e9alis\u00e9e par: : AGID<\/p>\n<!-- \/wp:paragraph --><\/div><div class=\"pt-3\"><p>Pour afficher les sous-titres dans votre langue, cliquez sur le symbole de l&rsquo;engrenage \u00ab\u00a0param\u00e8tres\u00a0\u00bb et, sous \u00ab\u00a0sous-titres\u00a0\u00bb, choisissez votre langue.<\/p>\n<\/div><\/div>\n<p><a href=\"https:\/\/www.youtube.com\/watch?v=-eSyxCZ-kIA\" class=\"openvid\" data-vid=\"-eSyxCZ-kIA\"><strong>REGARDER \u2192<\/strong><\/a><\/p>\n<\/div>\n<\/div>\n<div class=\"col-lg-4\">\n<div class=\"vidblk mb-5\">\n<p class=\"videotb\"><a href=\"https:\/\/viareggiodigitale.it\/fr\/video\/securite-informatique-dans-ladministration-publique-le-modele-des-sites-web-municipaux-et-laccessibilite\/\" class=\"openvid vidbg\" data-vid=\"3BPZXwwsXjc\" style=\"background-image: url(https:\/\/img.youtube.com\/vi\/3BPZXwwsXjc\/hqdefault.jpg)\"><\/a><\/p>\n<p class=\"metavideo d-flex justify-content-start\">\n<span class=\"px-1 fw-bold\"><a href=\"https:\/\/viareggiodigitale.it\/fr\/argomento\/securite\/\" class=\"argcat\">S\u00e9curit\u00e9<\/a><\/span>\n<span class=\"lvllist ms-auto\"><span class=\"lvllbl\">Niveau<\/span> \n<span class=\"lvlel\">3<\/span>\n<\/span>\n<\/p>\n<h3 class=\"h5 fw-bold title entry-title mb-4\"><a href=\"https:\/\/www.youtube.com\/watch?v=3BPZXwwsXjc\" class=\"openvid\" data-vid=\"3BPZXwwsXjc\">S\u00e9curit\u00e9 informatique dans l&rsquo;administration publique &#8211; Le mod\u00e8le des sites web municipaux et l&rsquo;accessibilit\u00e9<\/a><\/h3>\n<div class=\"d-none videodescr\"><div><!-- wp:paragraph {\"translatedWithWPMLTM\":\"1\"} -->\n<p>Vid\u00e9o r\u00e9alis\u00e9e par: FormezPA<\/p>\n<!-- \/wp:paragraph --><\/div><div class=\"pt-3\"><p>Pour afficher les sous-titres dans votre langue, cliquez sur le symbole de l&rsquo;engrenage \u00ab\u00a0param\u00e8tres\u00a0\u00bb et, sous \u00ab\u00a0sous-titres\u00a0\u00bb, choisissez votre langue.<\/p>\n<\/div><\/div>\n<p><a href=\"https:\/\/www.youtube.com\/watch?v=3BPZXwwsXjc\" class=\"openvid\" data-vid=\"3BPZXwwsXjc\"><strong>REGARDER \u2192<\/strong><\/a><\/p>\n<\/div>\n<\/div>\n<div class=\"col-lg-4\">\n<div class=\"vidblk mb-5\">\n<p class=\"videotb\"><a href=\"https:\/\/viareggiodigitale.it\/fr\/video\/securite-de-linformation-dans-ladministration-publique-lignes-directrices-pour-la-conception\/\" class=\"openvid vidbg\" data-vid=\"Lzx778I8toA\" style=\"background-image: url(https:\/\/img.youtube.com\/vi\/Lzx778I8toA\/hqdefault.jpg)\"><\/a><\/p>\n<p class=\"metavideo d-flex justify-content-start\">\n<span class=\"px-1 fw-bold\"><a href=\"https:\/\/viareggiodigitale.it\/fr\/argomento\/securite\/\" class=\"argcat\">S\u00e9curit\u00e9<\/a><\/span>\n<span class=\"lvllist ms-auto\"><span class=\"lvllbl\">Niveau<\/span> \n<span class=\"lvlel\">3<\/span>\n<\/span>\n<\/p>\n<h3 class=\"h5 fw-bold title entry-title mb-4\"><a href=\"https:\/\/www.youtube.com\/watch?v=Lzx778I8toA\" class=\"openvid\" data-vid=\"Lzx778I8toA\">S\u00e9curit\u00e9 de l&rsquo;information dans l&rsquo;administration publique &#8211; Lignes directrices pour la conception<\/a><\/h3>\n<div class=\"d-none videodescr\"><div><!-- wp:paragraph {\"translatedWithWPMLTM\":\"1\"} -->\n<p>Vid\u00e9o r\u00e9alis\u00e9e par: FormezPA<\/p>\n<!-- \/wp:paragraph --><\/div><div class=\"pt-3\"><p>Pour afficher les sous-titres dans votre langue, cliquez sur le symbole de l&rsquo;engrenage \u00ab\u00a0param\u00e8tres\u00a0\u00bb et, sous \u00ab\u00a0sous-titres\u00a0\u00bb, choisissez votre langue.<\/p>\n<\/div><\/div>\n<p><a href=\"https:\/\/www.youtube.com\/watch?v=Lzx778I8toA\" class=\"openvid\" data-vid=\"Lzx778I8toA\"><strong>REGARDER \u2192<\/strong><\/a><\/p>\n<\/div>\n<\/div>\n<\/div>\n","protected":false},"excerpt":{"rendered":"<p>Acc\u00e9dez aux tutoriels et d\u00e9veloppez vos comp\u00e9tences num\u00e9riques. D\u00e9couvrez un nouveau mod\u00e8le d&rsquo;innovation urbaine, interagissez avec l&rsquo;administration rapidement et facilement,&hellip;<\/p>\n<p class=\"rmore mb-0\"><a class=\"websoup-read-more-link fw-bold\" href=\"https:\/\/viareggiodigitale.it\/fr\/video\/securite-de-linformation-dans-ladministration-publique-lignes-directrices-pour-la-conception\/\">Read More \u2192<\/a><\/p>\n","protected":false},"author":1,"featured_media":0,"parent":0,"menu_order":0,"comment_status":"closed","ping_status":"closed","template":"","meta":{"_acf_changed":false,"footnotes":""},"argomento":[],"class_list":["post-519","page","type-page","status-publish","hentry"],"acf":[],"_links":{"self":[{"href":"https:\/\/viareggiodigitale.it\/fr\/wp-json\/wp\/v2\/pages\/519","targetHints":{"allow":["GET"]}}],"collection":[{"href":"https:\/\/viareggiodigitale.it\/fr\/wp-json\/wp\/v2\/pages"}],"about":[{"href":"https:\/\/viareggiodigitale.it\/fr\/wp-json\/wp\/v2\/types\/page"}],"author":[{"embeddable":true,"href":"https:\/\/viareggiodigitale.it\/fr\/wp-json\/wp\/v2\/users\/1"}],"replies":[{"embeddable":true,"href":"https:\/\/viareggiodigitale.it\/fr\/wp-json\/wp\/v2\/comments?post=519"}],"version-history":[{"count":1,"href":"https:\/\/viareggiodigitale.it\/fr\/wp-json\/wp\/v2\/pages\/519\/revisions"}],"predecessor-version":[{"id":520,"href":"https:\/\/viareggiodigitale.it\/fr\/wp-json\/wp\/v2\/pages\/519\/revisions\/520"}],"wp:attachment":[{"href":"https:\/\/viareggiodigitale.it\/fr\/wp-json\/wp\/v2\/media?parent=519"}],"wp:term":[{"taxonomy":"argomento","embeddable":true,"href":"https:\/\/viareggiodigitale.it\/fr\/wp-json\/wp\/v2\/argomento?post=519"}],"curies":[{"name":"wp","href":"https:\/\/api.w.org\/{rel}","templated":true}]}}